{"id":22,"date":"2022-12-27T16:31:55","date_gmt":"2022-12-27T15:31:55","guid":{"rendered":"https:\/\/albert-le-grand.com\/?page_id=22"},"modified":"2024-01-08T15:15:31","modified_gmt":"2024-01-08T14:15:31","slug":"presentation","status":"publish","type":"page","link":"https:\/\/www.albert-le-grand.com\/index.php\/presentation\/","title":{"rendered":"Pr\u00e9sentation"},"content":{"rendered":"<p>[et_pb_section fb_built=\u00a0\u00bb1&Prime; _builder_version=\u00a0\u00bb4.19.4&Prime; _module_preset=\u00a0\u00bbdefault\u00a0\u00bb custom_padding=\u00a0\u00bb0px||0px||false|false\u00a0\u00bb global_colors_info=\u00a0\u00bb{}\u00a0\u00bb][et_pb_row _builder_version=\u00a0\u00bb4.19.4&Prime; _module_preset=\u00a0\u00bbdefault\u00a0\u00bb width=\u00a0\u00bb100%\u00a0\u00bb max_width=\u00a0\u00bb100%\u00a0\u00bb global_colors_info=\u00a0\u00bb{}\u00a0\u00bb][et_pb_column type=\u00a0\u00bb4_4&Prime; _builder_version=\u00a0\u00bb4.19.4&Prime; _module_preset=\u00a0\u00bbdefault\u00a0\u00bb global_colors_info=\u00a0\u00bb{}\u00a0\u00bb][et_pb_image src=\u00a0\u00bbhttps:\/\/albert-le-grand.com\/wp-content\/uploads\/2022\/12\/bandeau.png\u00a0\u00bb title_text=\u00a0\u00bbbandeau\u00a0\u00bb force_fullwidth=\u00a0\u00bbon\u00a0\u00bb _builder_version=\u00a0\u00bb4.19.4&Prime; _module_preset=\u00a0\u00bbdefault\u00a0\u00bb global_colors_info=\u00a0\u00bb{}\u00a0\u00bb][\/et_pb_image][\/et_pb_column][\/et_pb_row][\/et_pb_section][et_pb_section fb_built=\u00a0\u00bb1&Prime; _builder_version=\u00a0\u00bb4.19.4&Prime; _module_preset=\u00a0\u00bbdefault\u00a0\u00bb custom_margin=\u00a0\u00bb0px||0px||false|false\u00a0\u00bb custom_padding=\u00a0\u00bb2px||0px||false|false\u00a0\u00bb global_colors_info=\u00a0\u00bb{}\u00a0\u00bb][et_pb_row _builder_version=\u00a0\u00bb4.19.4&Prime; _module_preset=\u00a0\u00bbdefault\u00a0\u00bb global_colors_info=\u00a0\u00bb{}\u00a0\u00bb][et_pb_column type=\u00a0\u00bb4_4&Prime; _builder_version=\u00a0\u00bb4.19.4&Prime; _module_preset=\u00a0\u00bbdefault\u00a0\u00bb global_colors_info=\u00a0\u00bb{}\u00a0\u00bb][et_pb_text _builder_version=\u00a0\u00bb4.19.4&Prime; _module_preset=\u00a0\u00bbe598b17a-9229-42f6-b238-019d6094332e\u00a0\u00bb text_text_color=\u00a0\u00bb#000000&Prime; header_font=\u00a0\u00bbRoboto|500|||||||\u00a0\u00bb header_text_color=\u00a0\u00bbrgba(0,0,0,0.97)\u00a0\u00bb header_font_size=\u00a0\u00bb80px\u00a0\u00bb header_line_height=\u00a0\u00bb1.15em\u00a0\u00bb max_width=\u00a0\u00bb800px\u00a0\u00bb custom_margin=\u00a0\u00bb||0px||false|false\u00a0\u00bb header_font_size_tablet=\u00a0\u00bb40px\u00a0\u00bb header_font_size_phone=\u00a0\u00bb24px\u00a0\u00bb header_font_size_last_edited=\u00a0\u00bbon|desktop\u00a0\u00bb locked=\u00a0\u00bboff\u00a0\u00bb global_colors_info=\u00a0\u00bb{}\u00a0\u00bb]<\/p>\n<h1>Bienvenue<\/h1>\n<p>[\/et_pb_text][\/et_pb_column][\/et_pb_row][et_pb_row column_structure=\u00a0\u00bb1_4,1_4,1_2&Prime; _builder_version=\u00a0\u00bb4.19.4&Prime; _module_preset=\u00a0\u00bbdefault\u00a0\u00bb custom_margin=\u00a0\u00bb0px||||false|false\u00a0\u00bb custom_padding=\u00a0\u00bb0px||0px||false|false\u00a0\u00bb global_colors_info=\u00a0\u00bb{}\u00a0\u00bb][et_pb_column type=\u00a0\u00bb1_4&Prime; _builder_version=\u00a0\u00bb4.19.4&Prime; _module_preset=\u00a0\u00bbdefault\u00a0\u00bb global_colors_info=\u00a0\u00bb{}\u00a0\u00bb][et_pb_image src=\u00a0\u00bbhttps:\/\/albert-le-grand.com\/wp-content\/uploads\/2022\/12\/SabinePrevot-scaled.jpg\u00a0\u00bb title_text=\u00a0\u00bbSabinePrevot\u00a0\u00bb _builder_version=\u00a0\u00bb4.19.4&Prime; _module_preset=\u00a0\u00bbdefault\u00a0\u00bb global_colors_info=\u00a0\u00bb{}\u00a0\u00bb][\/et_pb_image][et_pb_text _builder_version=\u00a0\u00bb4.19.4&Prime; _module_preset=\u00a0\u00bbdefault\u00a0\u00bb global_colors_info=\u00a0\u00bb{}\u00a0\u00bb]<\/p>\n<h5><strong>Sabine Pr\u00e9vot<\/strong><\/h5>\n<p>Cheffe d&rsquo;\u00e9tablissement de l&rsquo;\u00e9cole<\/p>\n<p>[\/et_pb_text][\/et_pb_column][et_pb_column type=\u00a0\u00bb1_4&Prime; _builder_version=\u00a0\u00bb4.19.4&Prime; _module_preset=\u00a0\u00bbdefault\u00a0\u00bb global_colors_info=\u00a0\u00bb{}\u00a0\u00bb][et_pb_text _builder_version=\u00a0\u00bb4.22.1&Prime; _module_preset=\u00a0\u00bbdefault\u00a0\u00bb global_colors_info=\u00a0\u00bb{}\u00a0\u00bb]<\/p>\n<h5><strong><img loading=\"lazy\" decoding=\"async\" src=\"https:\/\/albert-le-grand.com\/wp-content\/uploads\/2023\/09\/ALG-2023-_NLF0155-CR2-200x300.jpg\" width=\"200\" height=\"300\" alt=\"\" class=\"wp-image-1816 alignnone size-medium\" \/>Xavier ENTZ<\/strong><\/h5>\n<p>Chef d&rsquo;\u00e9tablissement<br \/>du coll\u00e8ge et du lyc\u00e9e<\/p>\n<p>[\/et_pb_text][\/et_pb_column][et_pb_column type=\u00a0\u00bb1_2&Prime; _builder_version=\u00a0\u00bb4.19.4&Prime; _module_preset=\u00a0\u00bbdefault\u00a0\u00bb global_colors_info=\u00a0\u00bb{}\u00a0\u00bb][\/et_pb_column][\/et_pb_row][et_pb_row column_structure=\u00a0\u00bb3_4,1_4&Prime; _builder_version=\u00a0\u00bb4.19.4&Prime; _module_preset=\u00a0\u00bbdefault\u00a0\u00bb global_colors_info=\u00a0\u00bb{}\u00a0\u00bb][et_pb_column type=\u00a0\u00bb3_4&Prime; _builder_version=\u00a0\u00bb4.19.4&Prime; _module_preset=\u00a0\u00bbdefault\u00a0\u00bb global_colors_info=\u00a0\u00bb{}\u00a0\u00bb][et_pb_text _builder_version=\u00a0\u00bb4.19.4&Prime; _module_preset=\u00a0\u00bbdefault\u00a0\u00bb global_colors_info=\u00a0\u00bb{}\u00a0\u00bb]<\/p>\n<p class=\"p1\" style=\"text-align: justify;\">Chers visiteurs, chers parents, chers jeunes,<\/p>\n<p class=\"p1\" style=\"text-align: justify;\">Ce site internet vous permettra de d\u00e9couvrir l\u2019ensemble scolaire Albert le Grand. M\u00eame si nous l\u2019avons voulu complet sans \u00eatre exhaustif, ce site ne remplacera jamais la rencontre entre une famille et un projet \u00e9ducatif. Aussi, si vous souhaitez inscrire ou d\u00e9couvrir plus en profondeur l\u2019\u00e9tablissement, nous vous invitons \u00e0 prendre rendez-vous avec le chef d\u2019\u00e9tablissement du coll\u00e8ge et du lyc\u00e9e ou avec la cheffe d\u2019\u00e9tablissement de l\u2019\u00e9cole.<\/p>\n<p class=\"p1\" style=\"text-align: justify;\">Albert le Grand est un \u00e9tablissement catholique priv\u00e9 sous contrat, il d\u00e9pend de la tutelle dominicaine du Saint Nom de J\u00e9sus. Il comprend une \u00e9cole, un coll\u00e8ge, un lyc\u00e9e et un internat. Sa taille humaine et familiale est une v\u00e9ritable force et chaque jeune peut \u00eatre consid\u00e9r\u00e9 et accompagn\u00e9.<\/p>\n<p class=\"p1\" style=\"text-align: justify;\">Les 3 piliers qui nous animent sont l\u2019exigence humaine, l\u2019exigence culturelle et l\u2019exigence spirituelle. Nous formons des \u00ab Albertins \u00bb et des \u00ab Albertines \u00bb, c\u2019est-\u00e0-dire des jeunes \u00e0 qui nous donnons l\u2019exemple d\u2019une intelligence curieuse de d\u00e9couvrir le monde. Ancr\u00e9s dans une histoire centenaire puisqu\u2019Albert le Grand a \u00e9t\u00e9 fond\u00e9 en 1919, nous faisons grandir nos jeunes en nous appuyant sur les traditions re\u00e7us des anciens tout en restant ouvert \u00e0 la complexit\u00e9 du monde qui nous entoure.<\/p>\n<p class=\"p1\" style=\"text-align: justify;\">Dans un regard bienveillant, nous formons et \u00e9duquons nos jeunes afin qu\u2019ils deviennent des hommes bons, solidaires, respectueux de leurs prochains. Nous \u0153uvrons chaque jour pour faire d\u2019eux des hommes libres, des hommes capables de faire des choix \u00e9clair\u00e9s. Notre devise prend alors tout son sens : \u00ab \u00catre \u00e9clair\u00e9 pour agir \u00bb.<\/p>\n<p class=\"p1\" style=\"text-align: justify;\">Nous vous souhaitons une bonne visite sur notre site !<\/p>\n<p>[\/et_pb_text][et_pb_button button_url=\u00a0\u00bbhttps:\/\/albert-le-grand.com\/index.php\/inscription\/\u00a0\u00bb button_text=\u00a0\u00bbINSCRIPTION\u00a0\u00bb _builder_version=\u00a0\u00bb4.19.4&Prime; _module_preset=\u00a0\u00bbdefault\u00a0\u00bb custom_button=\u00a0\u00bbon\u00a0\u00bb button_text_color=\u00a0\u00bb#FFFFFF\u00a0\u00bb button_bg_color=\u00a0\u00bb#9dc043&Prime; button_border_width=\u00a0\u00bb0px\u00a0\u00bb button_border_radius=\u00a0\u00bb0px\u00a0\u00bb global_colors_info=\u00a0\u00bb{}\u00a0\u00bb][\/et_pb_button][et_pb_text _builder_version=\u00a0\u00bb4.19.4&Prime; _module_preset=\u00a0\u00bbdefault\u00a0\u00bb text_text_color=\u00a0\u00bb#9dc043&Prime; text_font_size=\u00a0\u00bb24px\u00a0\u00bb custom_margin=\u00a0\u00bb||0px||false|false\u00a0\u00bb custom_padding=\u00a0\u00bb0px||0px||false|false\u00a0\u00bb global_colors_info=\u00a0\u00bb{}\u00a0\u00bb]<\/p>\n<p style=\"text-align: left;\">Suivez les albertins sur<\/p>\n<p>[\/et_pb_text][et_pb_social_media_follow _builder_version=\u00a0\u00bb4.19.4&Prime; _module_preset=\u00a0\u00bbdefault\u00a0\u00bb text_orientation=\u00a0\u00bbleft\u00a0\u00bb custom_margin=\u00a0\u00bb0px||0px||false|false\u00a0\u00bb custom_padding=\u00a0\u00bb0px||0px||false|false\u00a0\u00bb global_colors_info=\u00a0\u00bb{}\u00a0\u00bb][et_pb_social_media_follow_network social_network=\u00a0\u00bbinstagram\u00a0\u00bb url=\u00a0\u00bbhttps:\/\/www.instagram.com\/albert_le_grand_bx\/?hl=fr\u00a0\u00bb icon_color=\u00a0\u00bb#9DC043&Prime; use_icon_font_size=\u00a0\u00bbon\u00a0\u00bb icon_font_size=\u00a0\u00bb36px\u00a0\u00bb _builder_version=\u00a0\u00bb4.19.4&Prime; _module_preset=\u00a0\u00bbdefault\u00a0\u00bb background_enable_color=\u00a0\u00bboff\u00a0\u00bb custom_margin=\u00a0\u00bb0px||||false|false\u00a0\u00bb custom_padding=\u00a0\u00bb0px||||false|false\u00a0\u00bb mix_blend_mode=\u00a0\u00bbcolor-dodge\u00a0\u00bb global_colors_info=\u00a0\u00bb{}\u00a0\u00bb follow_button=\u00a0\u00bboff\u00a0\u00bb url_new_window=\u00a0\u00bbon\u00a0\u00bb]instagram[\/et_pb_social_media_follow_network][\/et_pb_social_media_follow][\/et_pb_column][et_pb_column type=\u00a0\u00bb1_4&Prime; _builder_version=\u00a0\u00bb4.19.4&Prime; _module_preset=\u00a0\u00bbdefault\u00a0\u00bb global_colors_info=\u00a0\u00bb{}\u00a0\u00bb][et_pb_image src=\u00a0\u00bbhttps:\/\/albert-le-grand.com\/wp-content\/uploads\/2022\/12\/ProjetEtablissement.png\u00a0\u00bb title_text=\u00a0\u00bbProjetEtablissement\u00a0\u00bb url=\u00a0\u00bbhttps:\/\/www.albert-le-grand.com\/index.php\/le-projet-de-letablissement\/\u00a0\u00bb _builder_version=\u00a0\u00bb4.23.4&Prime; _module_preset=\u00a0\u00bbdefault\u00a0\u00bb hover_enabled=\u00a0\u00bb0&Prime; global_colors_info=\u00a0\u00bb{}\u00a0\u00bb sticky_enabled=\u00a0\u00bb0&Prime;][\/et_pb_image][et_pb_image src=\u00a0\u00bbhttps:\/\/albert-le-grand.com\/wp-content\/uploads\/2022\/12\/projetEducatif.png\u00a0\u00bb title_text=\u00a0\u00bbprojetEducatif\u00a0\u00bb url=\u00a0\u00bbhttps:\/\/www.albert-le-grand.com\/index.php\/le-projet-educatif\/\u00a0\u00bb _builder_version=\u00a0\u00bb4.23.4&Prime; _module_preset=\u00a0\u00bbdefault\u00a0\u00bb hover_enabled=\u00a0\u00bb0&Prime; global_colors_info=\u00a0\u00bb{}\u00a0\u00bb sticky_enabled=\u00a0\u00bb0&Prime;][\/et_pb_image][et_pb_image src=\u00a0\u00bbhttps:\/\/albert-le-grand.com\/wp-content\/uploads\/2023\/01\/BoutonProjetPastoral4.png\u00a0\u00bb title_text=\u00a0\u00bbBoutonProjetPastoral4&Prime; url=\u00a0\u00bbhttps:\/\/www.albert-le-grand.com\/index.php\/le-projet-pastoral\/\u00a0\u00bb _builder_version=\u00a0\u00bb4.23.4&Prime; _module_preset=\u00a0\u00bbdefault\u00a0\u00bb hover_enabled=\u00a0\u00bb0&Prime; global_colors_info=\u00a0\u00bb{}\u00a0\u00bb sticky_enabled=\u00a0\u00bb0&Prime;][\/et_pb_image][et_pb_image src=\u00a0\u00bbhttps:\/\/albert-le-grand.com\/wp-content\/uploads\/2022\/12\/vivreAlbert.png\u00a0\u00bb title_text=\u00a0\u00bbvivreAlbert\u00a0\u00bb url=\u00a0\u00bbhttps:\/\/www.albert-le-grand.com\/index.php\/vivre-a-albert-le-grand\/\u00a0\u00bb _builder_version=\u00a0\u00bb4.23.4&Prime; _module_preset=\u00a0\u00bbdefault\u00a0\u00bb hover_enabled=\u00a0\u00bb0&Prime; global_colors_info=\u00a0\u00bb{}\u00a0\u00bb sticky_enabled=\u00a0\u00bb0&Prime;][\/et_pb_image][\/et_pb_column][\/et_pb_row][\/et_pb_section]<\/p>\n","protected":false},"excerpt":{"rendered":"<p>BienvenueSabine Pr\u00e9vot Cheffe d&rsquo;\u00e9tablissement de l&rsquo;\u00e9coleXavier ENTZ Chef d&rsquo;\u00e9tablissementdu coll\u00e8ge et du lyc\u00e9eChers visiteurs, chers parents, chers jeunes, Ce site internet vous permettra de d\u00e9couvrir l\u2019ensemble scolaire Albert le Grand. M\u00eame si nous l\u2019avons voulu complet sans \u00eatre exhaustif, ce site ne remplacera jamais la rencontre entre une famille et un projet \u00e9ducatif. Aussi, si [&hellip;]<\/p>\n","protected":false},"author":1,"featured_media":0,"parent":0,"menu_order":0,"comment_status":"closed","ping_status":"closed","template":"","meta":{"_et_pb_use_builder":"on","_et_pb_old_content":"","_et_gb_content_width":"","footnotes":""},"class_list":["post-22","page","type-page","status-publish","hentry"],"_links":{"self":[{"href":"https:\/\/www.albert-le-grand.com\/index.php\/wp-json\/wp\/v2\/pages\/22","targetHints":{"allow":["GET"]}}],"collection":[{"href":"https:\/\/www.albert-le-grand.com\/index.php\/wp-json\/wp\/v2\/pages"}],"about":[{"href":"https:\/\/www.albert-le-grand.com\/index.php\/wp-json\/wp\/v2\/types\/page"}],"author":[{"embeddable":true,"href":"https:\/\/www.albert-le-grand.com\/index.php\/wp-json\/wp\/v2\/users\/1"}],"replies":[{"embeddable":true,"href":"https:\/\/www.albert-le-grand.com\/index.php\/wp-json\/wp\/v2\/comments?post=22"}],"version-history":[{"count":65,"href":"https:\/\/www.albert-le-grand.com\/index.php\/wp-json\/wp\/v2\/pages\/22\/revisions"}],"predecessor-version":[{"id":1915,"href":"https:\/\/www.albert-le-grand.com\/index.php\/wp-json\/wp\/v2\/pages\/22\/revisions\/1915"}],"wp:attachment":[{"href":"https:\/\/www.albert-le-grand.com\/index.php\/wp-json\/wp\/v2\/media?parent=22"}],"curies":[{"name":"wp","href":"https:\/\/api.w.org\/{rel}","templated":true}]}}