{"id":393,"date":"2022-12-29T14:22:00","date_gmt":"2022-12-29T13:22:00","guid":{"rendered":"https:\/\/albert-le-grand.com\/?page_id=393"},"modified":"2024-11-16T16:57:13","modified_gmt":"2024-11-16T15:57:13","slug":"vie-spirituelle","status":"publish","type":"page","link":"https:\/\/www.albert-le-grand.com\/index.php\/vie-spirituelle\/","title":{"rendered":"Vie spirituelle"},"content":{"rendered":"<p>[et_pb_section fb_built=\u00a0\u00bb1&Prime; _builder_version=\u00a0\u00bb4.19.4&Prime; _module_preset=\u00a0\u00bbdefault\u00a0\u00bb custom_padding=\u00a0\u00bb0px||0px||false|false\u00a0\u00bb global_colors_info=\u00a0\u00bb{}\u00a0\u00bb][et_pb_row _builder_version=\u00a0\u00bb4.19.4&Prime; _module_preset=\u00a0\u00bbdefault\u00a0\u00bb width=\u00a0\u00bb100%\u00a0\u00bb max_width=\u00a0\u00bb100%\u00a0\u00bb global_colors_info=\u00a0\u00bb{}\u00a0\u00bb][et_pb_column type=\u00a0\u00bb4_4&Prime; _builder_version=\u00a0\u00bb4.19.4&Prime; _module_preset=\u00a0\u00bbdefault\u00a0\u00bb global_colors_info=\u00a0\u00bb{}\u00a0\u00bb][et_pb_image src=\u00a0\u00bbhttps:\/\/albert-le-grand.com\/wp-content\/uploads\/2022\/12\/bandeauVieSpirituelle.png\u00a0\u00bb title_text=\u00a0\u00bbbandeauVieSpirituelle\u00a0\u00bb force_fullwidth=\u00a0\u00bbon\u00a0\u00bb _builder_version=\u00a0\u00bb4.19.4&Prime; _module_preset=\u00a0\u00bbdefault\u00a0\u00bb global_colors_info=\u00a0\u00bb{}\u00a0\u00bb][\/et_pb_image][\/et_pb_column][\/et_pb_row][\/et_pb_section][et_pb_section fb_built=\u00a0\u00bb1&Prime; _builder_version=\u00a0\u00bb4.19.4&Prime; _module_preset=\u00a0\u00bbdefault\u00a0\u00bb custom_margin=\u00a0\u00bb0px||0px||false|false\u00a0\u00bb custom_padding=\u00a0\u00bb2px||0px||false|false\u00a0\u00bb global_colors_info=\u00a0\u00bb{}\u00a0\u00bb][et_pb_row _builder_version=\u00a0\u00bb4.19.4&Prime; _module_preset=\u00a0\u00bbdefault\u00a0\u00bb custom_padding=\u00a0\u00bb||0px||false|false\u00a0\u00bb global_colors_info=\u00a0\u00bb{}\u00a0\u00bb][et_pb_column type=\u00a0\u00bb4_4&Prime; _builder_version=\u00a0\u00bb4.19.4&Prime; _module_preset=\u00a0\u00bbdefault\u00a0\u00bb global_colors_info=\u00a0\u00bb{}\u00a0\u00bb][et_pb_text _builder_version=\u00a0\u00bb4.23.4&Prime; _module_preset=\u00a0\u00bbdefault\u00a0\u00bb global_colors_info=\u00a0\u00bb{}\u00a0\u00bb]<\/p>\n<p class=\"p1\" style=\"text-align: center;\"><a href=\"https:\/\/www.albert-le-grand.com\/index.php\/ecole-2\/#bienvenue\"><span class=\"s1\"><b>Pr\u00e9sentation de l\u2019\u00e9cole<\/b><\/span><\/a><b><span class=\"Apple-converted-space\">\u00a0 \u00a0 \u00a0 <\/span><a href=\"https:\/\/www.albert-le-grand.com\/index.php\/bien-vivre-le-temps-scolaire\/\">Bien vivre le temps scolaire<\/a><span class=\"Apple-converted-space\">\u00a0 \u00a0 \u00a0 <\/span><a href=\"https:\/\/www.albert-le-grand.com\/index.php\/les-projets-de-lecole\/\">Les projets de l\u2019\u00e9cole<\/a><span class=\"Apple-converted-space\">\u00a0 \u00a0 \u00a0 <\/span><a href=\"https:\/\/www.albert-le-grand.com\/index.php\/les-atouts-de-lecole-primaire\/\">Les atouts de l\u2019\u00e9cole primaire<\/a><span class=\"Apple-converted-space\">\u00a0 \u00a0 \u00a0 <\/span><a href=\"https:\/\/www.albert-le-grand.com\/index.php\/les-realisations-de-classe\/\">Les r\u00e9alisations de classes<\/a><\/b><\/p>\n<p class=\"p1\" style=\"text-align: center;\"><b><a href=\"https:\/\/www.albert-le-grand.com\/index.php\/les-activites-periscolaires\/\">Les activit\u00e9s p\u00e9riscolaires<\/a><span class=\"Apple-converted-space\">\u00a0 \u00a0 \u00a0 <\/span><a href=\"https:\/\/www.albert-le-grand.com\/index.php\/vie-spirituelle\/\">Vie spirituelle<\/a><span class=\"Apple-converted-space\">\u00a0 \u00a0 \u00a0 <\/span><a href=\"https:\/\/www.albert-le-grand.com\/index.php\/vie-culturelle\/\">Vie culturelle<\/a><span class=\"Apple-converted-space\">\u00a0 \u00a0 \u00a0 <\/span><a href=\"https:\/\/www.albert-le-grand.com\/index.php\/vie-sportive\/\">Vie sportive<\/a><span class=\"Apple-converted-space\">\u00a0 \u00a0 \u00a0 <\/span><a href=\"https:\/\/www.albert-le-grand.com\/index.php\/actualites-ecole\/\">Actualit\u00e9s<\/a><\/b><\/p>\n<p>[\/et_pb_text][\/et_pb_column][\/et_pb_row][et_pb_row _builder_version=\u00a0\u00bb4.19.4&Prime; _module_preset=\u00a0\u00bbdefault\u00a0\u00bb global_colors_info=\u00a0\u00bb{}\u00a0\u00bb][et_pb_column type=\u00a0\u00bb4_4&Prime; _builder_version=\u00a0\u00bb4.19.4&Prime; _module_preset=\u00a0\u00bbdefault\u00a0\u00bb global_colors_info=\u00a0\u00bb{}\u00a0\u00bb][et_pb_image src=\u00a0\u00bbhttps:\/\/albert-le-grand.com\/wp-content\/uploads\/2022\/12\/bandeau.png\u00a0\u00bb title_text=\u00a0\u00bbbandeau\u00a0\u00bb _builder_version=\u00a0\u00bb4.19.4&Prime; _module_preset=\u00a0\u00bbdefault\u00a0\u00bb custom_margin=\u00a0\u00bb||0px||false|false\u00a0\u00bb custom_padding=\u00a0\u00bb||0px||false|false\u00a0\u00bb global_colors_info=\u00a0\u00bb{}\u00a0\u00bb][\/et_pb_image][\/et_pb_column][\/et_pb_row][et_pb_row _builder_version=\u00a0\u00bb4.19.4&Prime; _module_preset=\u00a0\u00bbdefault\u00a0\u00bb custom_padding=\u00a0\u00bb0px||20px||false|false\u00a0\u00bb global_colors_info=\u00a0\u00bb{}\u00a0\u00bb][et_pb_column type=\u00a0\u00bb4_4&Prime; _builder_version=\u00a0\u00bb4.19.4&Prime; _module_preset=\u00a0\u00bbdefault\u00a0\u00bb global_colors_info=\u00a0\u00bb{}\u00a0\u00bb][et_pb_text _builder_version=\u00a0\u00bb4.19.4&Prime; _module_preset=\u00a0\u00bbdefault\u00a0\u00bb global_colors_info=\u00a0\u00bb{}\u00a0\u00bb]<\/p>\n<h3>&#8230; Vie spirituelle<\/h3>\n<p>[\/et_pb_text][\/et_pb_column][\/et_pb_row][et_pb_row column_structure=\u00a0\u00bb1_2,1_2&Prime; _builder_version=\u00a0\u00bb4.19.4&Prime; _module_preset=\u00a0\u00bbdefault\u00a0\u00bb custom_margin=\u00a0\u00bb0px||||false|false\u00a0\u00bb custom_padding=\u00a0\u00bb0px||||false|false\u00a0\u00bb global_colors_info=\u00a0\u00bb{}\u00a0\u00bb][et_pb_column type=\u00a0\u00bb1_2&Prime; _builder_version=\u00a0\u00bb4.19.4&Prime; _module_preset=\u00a0\u00bbdefault\u00a0\u00bb global_colors_info=\u00a0\u00bb{}\u00a0\u00bb][et_pb_text _builder_version=\u00a0\u00bb4.19.4&Prime; _module_preset=\u00a0\u00bbdefault\u00a0\u00bb global_colors_info=\u00a0\u00bb{}\u00a0\u00bb]<\/p>\n<p class=\"p1\"><a href=\"#orientations\"><b>Les orientations pastorales<\/b><\/a><\/p>\n<p class=\"p1\"><a href=\"#parcours\"><b>Le parcours de vie \u00abViens, suis-moi\u00bb<\/b><\/a><\/p>\n<p>[\/et_pb_text][\/et_pb_column][et_pb_column type=\u00a0\u00bb1_2&Prime; _builder_version=\u00a0\u00bb4.19.4&Prime; _module_preset=\u00a0\u00bbdefault\u00a0\u00bb global_colors_info=\u00a0\u00bb{}\u00a0\u00bb][et_pb_text _builder_version=\u00a0\u00bb4.19.4&Prime; _module_preset=\u00a0\u00bbdefault\u00a0\u00bb global_colors_info=\u00a0\u00bb{}\u00a0\u00bb]<\/p>\n<p class=\"p1\"><a href=\"#celebrations\"><b>Les c\u00e9l\u00e9brations de la Maternelle<\/b><\/a><\/p>\n<p class=\"p1\"><a href=\"#messes\"><b>Les dates des messes PRIMAIRE<\/b><\/a><\/p>\n<p class=\"p1\"><a href=\"#celebrations\"><b>Les dates de c\u00e9l\u00e9brations<\/b><\/a><\/p>\n<p>[\/et_pb_text][\/et_pb_column][\/et_pb_row][\/et_pb_section][et_pb_section fb_built=\u00a0\u00bb1&Prime; _builder_version=\u00a0\u00bb4.19.4&Prime; _module_preset=\u00a0\u00bbdefault\u00a0\u00bb background_color=\u00a0\u00bbrgba(250,216,20,0.17)\u00a0\u00bb custom_margin=\u00a0\u00bb0px||0px||false|false\u00a0\u00bb custom_padding=\u00a0\u00bb2px||20px||false|false\u00a0\u00bb global_colors_info=\u00a0\u00bb{}\u00a0\u00bb][et_pb_row module_id=\u00a0\u00bborientations\u00a0\u00bb _builder_version=\u00a0\u00bb4.19.4&Prime; _module_preset=\u00a0\u00bbdefault\u00a0\u00bb custom_padding=\u00a0\u00bb||0px||false|false\u00a0\u00bb global_colors_info=\u00a0\u00bb{}\u00a0\u00bb][et_pb_column type=\u00a0\u00bb4_4&Prime; _builder_version=\u00a0\u00bb4.19.4&Prime; _module_preset=\u00a0\u00bbdefault\u00a0\u00bb global_colors_info=\u00a0\u00bb{}\u00a0\u00bb][et_pb_text _builder_version=\u00a0\u00bb4.19.4&Prime; _module_preset=\u00a0\u00bbdefault\u00a0\u00bb custom_margin=\u00a0\u00bb||10px||false|false\u00a0\u00bb global_colors_info=\u00a0\u00bb{}\u00a0\u00bb]<\/p>\n<h2 class=\"p1\" style=\"text-align: justify;\"><b>Les orientations pastorales<\/b><\/h2>\n<p class=\"p1\" style=\"text-align: justify;\">\u00ab\u00a0<i>Le but de l\u2019\u00e9cole catholique est la promotion de la personne humaine, avec toutes les valeurs humaines, dans la perspective de sa fin la plus haute, et au service de la soci\u00e9t\u00e9.<\/i>\u00a0\u00bb Saint Jean-Paul II.<\/p>\n<p class=\"p2\" style=\"text-align: justify;\">\n<p class=\"p1\" style=\"text-align: justify;\">Dans notre \u00e9tablissement congr\u00e9ganiste, sous la Tutelle des dominicaines du Saint Nom de J\u00e9sus et accompagn\u00e9 de nos fr\u00e8res dominicains du couvent de Saint Paul, nos orientations pastorales nous am\u00e8nent \u00e0 renforcer notre mission qui vise \u00e0 faire conna\u00eetre le Christ.<\/p>\n<p class=\"p2\" style=\"text-align: justify;\">\n<p class=\"p1\" style=\"text-align: justify;\">Nos 6 fondamentaux :<\/p>\n<p>[\/et_pb_text][\/et_pb_column][\/et_pb_row][et_pb_row column_structure=\u00a0\u00bb1_3,1_3,1_3&Prime; _builder_version=\u00a0\u00bb4.19.4&Prime; _module_preset=\u00a0\u00bbdefault\u00a0\u00bb global_colors_info=\u00a0\u00bb{}\u00a0\u00bb][et_pb_column type=\u00a0\u00bb1_3&Prime; _builder_version=\u00a0\u00bb4.19.4&Prime; _module_preset=\u00a0\u00bbdefault\u00a0\u00bb global_colors_info=\u00a0\u00bb{}\u00a0\u00bb][et_pb_image src=\u00a0\u00bbhttps:\/\/albert-le-grand.com\/wp-content\/uploads\/2022\/12\/orientationPastorales1.png\u00a0\u00bb title_text=\u00a0\u00bborientationPastorales1&Prime; _builder_version=\u00a0\u00bb4.19.4&Prime; _module_preset=\u00a0\u00bbdefault\u00a0\u00bb global_colors_info=\u00a0\u00bb{}\u00a0\u00bb][\/et_pb_image][et_pb_text _builder_version=\u00a0\u00bb4.19.4&Prime; _module_preset=\u00a0\u00bbdefault\u00a0\u00bb global_colors_info=\u00a0\u00bb{}\u00a0\u00bb]<\/p>\n<p class=\"p1\" style=\"text-align: justify;\"><span class=\"s1\"><b>SUIVRE SAINT DOMINIQUE\u00a0:<\/b><\/span> dans sa recherche de l\u2019unanimit\u00e9 et de la communion fraternelle, Saint Dominique privil\u00e9giait toujours un dialogue toujours respectueux de la personne. Et c\u2019est pr\u00e9cis\u00e9ment dans cet esprit que chaque membre de la communaut\u00e9 donne le meilleur de lui-m\u00eame.<\/p>\n<p>[\/et_pb_text][\/et_pb_column][et_pb_column type=\u00a0\u00bb1_3&Prime; _builder_version=\u00a0\u00bb4.19.4&Prime; _module_preset=\u00a0\u00bbdefault\u00a0\u00bb global_colors_info=\u00a0\u00bb{}\u00a0\u00bb][et_pb_image src=\u00a0\u00bbhttps:\/\/albert-le-grand.com\/wp-content\/uploads\/2022\/12\/orientationPastorales2.png\u00a0\u00bb title_text=\u00a0\u00bborientationPastorales2&Prime; _builder_version=\u00a0\u00bb4.19.4&Prime; _module_preset=\u00a0\u00bbdefault\u00a0\u00bb global_colors_info=\u00a0\u00bb{}\u00a0\u00bb][\/et_pb_image][et_pb_text _builder_version=\u00a0\u00bb4.19.4&Prime; _module_preset=\u00a0\u00bbdefault\u00a0\u00bb global_colors_info=\u00a0\u00bb{}\u00a0\u00bb]<\/p>\n<p class=\"p1\" style=\"text-align: justify;\"><span class=\"s1\"><b>\u00caTRE OUVERT \u00c0 TOUS\u00a0<\/b><\/span>: aujourd\u2019hui, notre \u00e9cole est dans l\u2019accueil de tous les enfants\u00a0; elle n\u2019oublie cependant pas le bien commun et l\u2019accompagnement personnalis\u00e9. Tout cela se faisant dans un certain \u00e9quilibre.<\/p>\n<p>[\/et_pb_text][\/et_pb_column][et_pb_column type=\u00a0\u00bb1_3&Prime; _builder_version=\u00a0\u00bb4.19.4&Prime; _module_preset=\u00a0\u00bbdefault\u00a0\u00bb global_colors_info=\u00a0\u00bb{}\u00a0\u00bb][et_pb_image src=\u00a0\u00bbhttps:\/\/albert-le-grand.com\/wp-content\/uploads\/2022\/12\/orientationPastorales3.png\u00a0\u00bb title_text=\u00a0\u00bborientationPastorales3&Prime; _builder_version=\u00a0\u00bb4.19.4&Prime; _module_preset=\u00a0\u00bbdefault\u00a0\u00bb global_colors_info=\u00a0\u00bb{}\u00a0\u00bb][\/et_pb_image][et_pb_text _builder_version=\u00a0\u00bb4.19.4&Prime; _module_preset=\u00a0\u00bbdefault\u00a0\u00bb global_colors_info=\u00a0\u00bb{}\u00a0\u00bb]<\/p>\n<p class=\"p1\" style=\"text-align: justify;\"><span class=\"s1\"><b>ENTRETENIR UN CLIMAT \u00c9VANG\u00c9LIQUE<\/b><\/span>\u00a0: c\u2019est dans l\u2019ordinaire du quotidien que chaque membre de la communaut\u00e9 \u00e9ducative ALBERT LE GRAND s\u2019engage dans des attitudes de disponibilit\u00e9s, d\u2019\u00e9changes et de fraternit\u00e9.<\/p>\n<p>[\/et_pb_text][\/et_pb_column][\/et_pb_row][et_pb_row column_structure=\u00a0\u00bb1_3,1_3,1_3&Prime; _builder_version=\u00a0\u00bb4.19.4&Prime; _module_preset=\u00a0\u00bbdefault\u00a0\u00bb global_colors_info=\u00a0\u00bb{}\u00a0\u00bb][et_pb_column type=\u00a0\u00bb1_3&Prime; _builder_version=\u00a0\u00bb4.19.4&Prime; _module_preset=\u00a0\u00bbdefault\u00a0\u00bb global_colors_info=\u00a0\u00bb{}\u00a0\u00bb][et_pb_image src=\u00a0\u00bbhttps:\/\/albert-le-grand.com\/wp-content\/uploads\/2022\/12\/orientationPastorales4.png\u00a0\u00bb title_text=\u00a0\u00bborientationPastorales4&Prime; _builder_version=\u00a0\u00bb4.19.4&Prime; _module_preset=\u00a0\u00bbdefault\u00a0\u00bb global_colors_info=\u00a0\u00bb{}\u00a0\u00bb][\/et_pb_image][et_pb_text _builder_version=\u00a0\u00bb4.19.4&Prime; _module_preset=\u00a0\u00bbdefault\u00a0\u00bb global_colors_info=\u00a0\u00bb{}\u00a0\u00bb]<\/p>\n<p class=\"p1\" style=\"text-align: justify;\"><span class=\"s1\"><b>PERMETTRE LA RENCONTRE AVEC LE CHRIST\u00a0<\/b><\/span>: l\u2019\u00e9cole propose le parcours \u00ab\u00a0Viens et suis-moi \u00bb pour grandir dans la foi.<\/p>\n<p>[\/et_pb_text][\/et_pb_column][et_pb_column type=\u00a0\u00bb1_3&Prime; _builder_version=\u00a0\u00bb4.19.4&Prime; _module_preset=\u00a0\u00bbdefault\u00a0\u00bb global_colors_info=\u00a0\u00bb{}\u00a0\u00bb][et_pb_image src=\u00a0\u00bbhttps:\/\/albert-le-grand.com\/wp-content\/uploads\/2022\/12\/orientationPastorales5.png\u00a0\u00bb title_text=\u00a0\u00bborientationPastorales5&Prime; _builder_version=\u00a0\u00bb4.19.4&Prime; _module_preset=\u00a0\u00bbdefault\u00a0\u00bb global_colors_info=\u00a0\u00bb{}\u00a0\u00bb][\/et_pb_image][et_pb_text _builder_version=\u00a0\u00bb4.19.4&Prime; _module_preset=\u00a0\u00bbdefault\u00a0\u00bb global_colors_info=\u00a0\u00bb{}\u00a0\u00bb]<\/p>\n<p class=\"p1\" style=\"text-align: justify;\"><span class=\"s1\"><b>FAIRE GRANDIR TOUTE LA PERSONNE\u00a0<\/b><\/span>: en portant sur les enfants qui nous sont confi\u00e9s ce regard qui permettra de participer \u00e0 leur formation int\u00e9grale. Par formation int\u00e9grale, s\u2019entend l\u2019unification de l\u2019\u00e9l\u00e8ve par la croissance harmonieuse des dimensions physique, intellectuelle, affective, sociale et spirituelle.<\/p>\n<p>[\/et_pb_text][\/et_pb_column][et_pb_column type=\u00a0\u00bb1_3&Prime; _builder_version=\u00a0\u00bb4.19.4&Prime; _module_preset=\u00a0\u00bbdefault\u00a0\u00bb global_colors_info=\u00a0\u00bb{}\u00a0\u00bb][et_pb_image src=\u00a0\u00bbhttps:\/\/albert-le-grand.com\/wp-content\/uploads\/2022\/12\/orientationPastorales6.png\u00a0\u00bb title_text=\u00a0\u00bborientationPastorales6&Prime; _builder_version=\u00a0\u00bb4.19.4&Prime; _module_preset=\u00a0\u00bbdefault\u00a0\u00bb global_colors_info=\u00a0\u00bb{}\u00a0\u00bb][\/et_pb_image][et_pb_text _builder_version=\u00a0\u00bb4.19.4&Prime; _module_preset=\u00a0\u00bbdefault\u00a0\u00bb global_colors_info=\u00a0\u00bb{}\u00a0\u00bb]<\/p>\n<p class=\"p1\" style=\"text-align: justify;\"><span class=\"s1\"><b>EDUQUER AU BIEN COMMUN\u00a0<\/b><\/span>: le d\u00e9veloppement de ces orientations est bien entendu au service du bien commun car il s\u2019agit de grandir sur le plan individuel pour mettre en commun les richesses de chacun et \u00e9difier ensemble un environnement paisible.<\/p>\n<p>[\/et_pb_text][\/et_pb_column][\/et_pb_row][\/et_pb_section][et_pb_section fb_built=\u00a0\u00bb1&Prime; _builder_version=\u00a0\u00bb4.19.4&Prime; _module_preset=\u00a0\u00bbdefault\u00a0\u00bb custom_padding=\u00a0\u00bb20px||20px||false|false\u00a0\u00bb global_colors_info=\u00a0\u00bb{}\u00a0\u00bb][et_pb_row module_id=\u00a0\u00bbparcours\u00a0\u00bb _builder_version=\u00a0\u00bb4.19.4&Prime; _module_preset=\u00a0\u00bbdefault\u00a0\u00bb custom_padding=\u00a0\u00bb||10px||false|false\u00a0\u00bb global_colors_info=\u00a0\u00bb{}\u00a0\u00bb][et_pb_column type=\u00a0\u00bb4_4&Prime; _builder_version=\u00a0\u00bb4.19.4&Prime; _module_preset=\u00a0\u00bbdefault\u00a0\u00bb global_colors_info=\u00a0\u00bb{}\u00a0\u00bb][et_pb_text _builder_version=\u00a0\u00bb4.19.4&Prime; _module_preset=\u00a0\u00bbdefault\u00a0\u00bb global_colors_info=\u00a0\u00bb{}\u00a0\u00bb]<\/p>\n<h2 class=\"p1\"><b>Le parcours de vie \u00ab\u00a0Viens et suis moi\u00a0\u00bb<\/b><\/h2>\n<p class=\"p1\">A l\u2019\u00e9cole ALBERT LE GRAND, notre cat\u00e9ch\u00e8se s\u2019appuie sur le parcours de vie\u00a0: <span class=\"s1\"><b>\u00ab\u00a0Viens, suis-moi\u00a0\u00bb<\/b><\/span>.<\/p>\n<p class=\"p2\">\n<p class=\"p3\"><b>\u00ab\u00a0Viens, suis-moi\u00a0\u00bb est un cheminement de vie chr\u00e9tienne au service de la transmission de la foi pour les enfants de la Grande Section au CM2.<\/b><\/p>\n<p>[\/et_pb_text][\/et_pb_column][\/et_pb_row][et_pb_row column_structure=\u00a0\u00bb3_4,1_4&Prime; _builder_version=\u00a0\u00bb4.19.4&Prime; _module_preset=\u00a0\u00bbdefault\u00a0\u00bb custom_margin=\u00a0\u00bb0px||||false|false\u00a0\u00bb custom_padding=\u00a0\u00bb0px||0px||false|false\u00a0\u00bb global_colors_info=\u00a0\u00bb{}\u00a0\u00bb][et_pb_column type=\u00a0\u00bb3_4&Prime; _builder_version=\u00a0\u00bb4.19.4&Prime; _module_preset=\u00a0\u00bbdefault\u00a0\u00bb global_colors_info=\u00a0\u00bb{}\u00a0\u00bb][et_pb_text _builder_version=\u00a0\u00bb4.19.4&Prime; _module_preset=\u00a0\u00bbdefault\u00a0\u00bb global_colors_info=\u00a0\u00bb{}\u00a0\u00bb]<\/p>\n<p class=\"p1\" style=\"text-align: justify;\">La mise en \u0153uvre de ce cheminement engage les cat\u00e9chistes dans une \u00e9ducation de l\u2019enfant en consid\u00e9rant les diff\u00e9rentes dimensions de sa vie. Elle comporte\u00a0:<\/p>\n<p class=\"p1\" style=\"text-align: justify;\">\u2022 une relation \u00e0 Dieu dans la foi et la pri\u00e8re,<br \/>\u2022 une entr\u00e9e dans l\u2019\u00e9criture sainte et l\u2019histoire du Salut,<br \/>\u2022 une initiation \u00e0 la vie liturgique,<br \/>\u2022 une vie dans le Christ,<br \/>\u2022 la relation aux autres,<br \/>\u2022 la d\u00e9couverte de l\u2019\u00c9glise.<\/p>\n<p>[\/et_pb_text][\/et_pb_column][et_pb_column type=\u00a0\u00bb1_4&Prime; _builder_version=\u00a0\u00bb4.19.4&Prime; _module_preset=\u00a0\u00bbdefault\u00a0\u00bb background_enable_color=\u00a0\u00bboff\u00a0\u00bb custom_padding=\u00a0\u00bb15px||30px||false|false\u00a0\u00bb global_colors_info=\u00a0\u00bb{}\u00a0\u00bb][et_pb_image src=\u00a0\u00bbhttps:\/\/albert-le-grand.com\/wp-content\/uploads\/2022\/12\/parcoursVie1.png\u00a0\u00bb title_text=\u00a0\u00bbparcoursVie1&Prime; _builder_version=\u00a0\u00bb4.19.4&Prime; _module_preset=\u00a0\u00bbdefault\u00a0\u00bb global_colors_info=\u00a0\u00bb{}\u00a0\u00bb][\/et_pb_image][\/et_pb_column][\/et_pb_row][et_pb_row _builder_version=\u00a0\u00bb4.19.4&Prime; _module_preset=\u00a0\u00bbdefault\u00a0\u00bb global_colors_info=\u00a0\u00bb{}\u00a0\u00bb][et_pb_column type=\u00a0\u00bb4_4&Prime; _builder_version=\u00a0\u00bb4.19.4&Prime; _module_preset=\u00a0\u00bbdefault\u00a0\u00bb global_colors_info=\u00a0\u00bb{}\u00a0\u00bb][et_pb_text _builder_version=\u00a0\u00bb4.19.4&Prime; _module_preset=\u00a0\u00bbdefault\u00a0\u00bb global_colors_info=\u00a0\u00bb{}\u00a0\u00bb]<\/p>\n<p class=\"p1\" style=\"text-align: justify;\">C\u2019est avec ce bel accompagnement que viennent \u00e0 nouveau r\u00e9sonner dans le c\u0153ur des enfants l\u2019\u00e2me de notre Saint Patron ALBERT LE GRAND\u00a0: \u00ab\u00a0Cherchons la V\u00e9rit\u00e9 dans la douceur de la fraternit\u00e9\u00a0\u00bb.<\/p>\n<p class=\"p2\" style=\"text-align: justify;\"><b><\/b><\/p>\n<h4 class=\"p3\" style=\"text-align: justify;\"><b>Parcours \u00ab\u00a0Viens, suis-moi\u00a0\u00bb<\/b><\/h4>\n<p>[\/et_pb_text][\/et_pb_column][\/et_pb_row][et_pb_row column_structure=\u00a0\u00bb1_3,1_3,1_3&Prime; _builder_version=\u00a0\u00bb4.19.4&Prime; _module_preset=\u00a0\u00bbdefault\u00a0\u00bb global_colors_info=\u00a0\u00bb{}\u00a0\u00bb][et_pb_column type=\u00a0\u00bb1_3&Prime; _builder_version=\u00a0\u00bb4.19.4&Prime; _module_preset=\u00a0\u00bbdefault\u00a0\u00bb global_colors_info=\u00a0\u00bb{}\u00a0\u00bb][et_pb_image src=\u00a0\u00bbhttps:\/\/albert-le-grand.com\/wp-content\/uploads\/2022\/12\/parcoursVie2.png\u00a0\u00bb title_text=\u00a0\u00bbparcoursVie2&Prime; _builder_version=\u00a0\u00bb4.19.4&Prime; _module_preset=\u00a0\u00bbdefault\u00a0\u00bb global_colors_info=\u00a0\u00bb{}\u00a0\u00bb][\/et_pb_image][\/et_pb_column][et_pb_column type=\u00a0\u00bb1_3&Prime; _builder_version=\u00a0\u00bb4.19.4&Prime; _module_preset=\u00a0\u00bbdefault\u00a0\u00bb global_colors_info=\u00a0\u00bb{}\u00a0\u00bb][et_pb_image src=\u00a0\u00bbhttps:\/\/albert-le-grand.com\/wp-content\/uploads\/2022\/12\/parcoursVie3.png\u00a0\u00bb title_text=\u00a0\u00bbparcoursVie3&Prime; _builder_version=\u00a0\u00bb4.19.4&Prime; _module_preset=\u00a0\u00bbdefault\u00a0\u00bb global_colors_info=\u00a0\u00bb{}\u00a0\u00bb][\/et_pb_image][\/et_pb_column][et_pb_column type=\u00a0\u00bb1_3&Prime; _builder_version=\u00a0\u00bb4.19.4&Prime; _module_preset=\u00a0\u00bbdefault\u00a0\u00bb global_colors_info=\u00a0\u00bb{}\u00a0\u00bb][et_pb_image src=\u00a0\u00bbhttps:\/\/albert-le-grand.com\/wp-content\/uploads\/2022\/12\/parcoursVie4.png\u00a0\u00bb title_text=\u00a0\u00bbparcoursVie4&Prime; _builder_version=\u00a0\u00bb4.19.4&Prime; _module_preset=\u00a0\u00bbdefault\u00a0\u00bb global_colors_info=\u00a0\u00bb{}\u00a0\u00bb][\/et_pb_image][\/et_pb_column][\/et_pb_row][\/et_pb_section][et_pb_section fb_built=\u00a0\u00bb1&Prime; _builder_version=\u00a0\u00bb4.19.4&Prime; _module_preset=\u00a0\u00bbdefault\u00a0\u00bb background_color=\u00a0\u00bbrgba(250,216,20,0.17)\u00a0\u00bb custom_margin=\u00a0\u00bb0px||0px||false|false\u00a0\u00bb custom_padding=\u00a0\u00bb2px||20px||false|false\u00a0\u00bb global_colors_info=\u00a0\u00bb{}\u00a0\u00bb][et_pb_row column_structure=\u00a0\u00bb2_3,1_3&Prime; module_id=\u00a0\u00bbcelebrations\u00a0\u00bb _builder_version=\u00a0\u00bb4.19.4&Prime; _module_preset=\u00a0\u00bbdefault\u00a0\u00bb custom_padding=\u00a0\u00bb||0px||false|false\u00a0\u00bb global_colors_info=\u00a0\u00bb{}\u00a0\u00bb][et_pb_column type=\u00a0\u00bb2_3&Prime; _builder_version=\u00a0\u00bb4.19.4&Prime; _module_preset=\u00a0\u00bbdefault\u00a0\u00bb global_colors_info=\u00a0\u00bb{}\u00a0\u00bb][et_pb_text _builder_version=\u00a0\u00bb4.19.4&Prime; _module_preset=\u00a0\u00bbdefault\u00a0\u00bb custom_margin=\u00a0\u00bb0px||0px||false|false\u00a0\u00bb custom_padding=\u00a0\u00bb0px||0px||false|false\u00a0\u00bb global_colors_info=\u00a0\u00bb{}\u00a0\u00bb]<\/p>\n<h2 class=\"p1\"><b>Les c\u00e9l\u00e9brations de la Maternelle<\/b><\/h2>\n<p class=\"p1\">En suivant l\u2019ann\u00e9e liturgique, les ma\u00eetresses de la maternelle proposent aux enfants des th\u00e8mes de travail en classe et les occasions sont ainsi nombreuses pour c\u00e9l\u00e9brer et rendre gr\u00e2ce.<\/p>\n<p class=\"p2\">\n<p class=\"p1\">En voici quelques-unes\u00a0:<span class=\"Apple-converted-space\">\u00a0<\/span><\/p>\n<p>[\/et_pb_text][et_pb_image src=\u00a0\u00bbhttps:\/\/albert-le-grand.com\/wp-content\/uploads\/2022\/12\/celebration-maternelle.jpg\u00a0\u00bb title_text=\u00a0\u00bbcelebration maternelle\u00a0\u00bb _builder_version=\u00a0\u00bb4.19.4&Prime; _module_preset=\u00a0\u00bbdefault\u00a0\u00bb global_colors_info=\u00a0\u00bb{}\u00a0\u00bb][\/et_pb_image][\/et_pb_column][et_pb_column type=\u00a0\u00bb1_3&Prime; _builder_version=\u00a0\u00bb4.19.4&Prime; _module_preset=\u00a0\u00bbdefault\u00a0\u00bb background_color=\u00a0\u00bbrgba(157,192,67,0.24)\u00a0\u00bb custom_padding=\u00a0\u00bb20px||20px||false|false\u00a0\u00bb global_colors_info=\u00a0\u00bb{}\u00a0\u00bb][et_pb_text module_id=\u00a0\u00bbcelebrations\u00a0\u00bb _builder_version=\u00a0\u00bb4.19.4&Prime; _module_preset=\u00a0\u00bbdefault\u00a0\u00bb global_colors_info=\u00a0\u00bb{}\u00a0\u00bb]<\/p>\n<h4 class=\"p1\" style=\"text-align: center;\"><b>Les dates de<span class=\"Apple-converted-space\">\u00a0<\/span><\/b><b>c\u00e9l\u00e9brations<\/b><\/h4>\n<p class=\"p1\" style=\"text-align: center;\"><b>Ann\u00e9e 2024 \u2013 2025<br \/><\/b>11h00 \u2013 salle de motricit\u00e9<\/p>\n<p class=\"p2\" style=\"text-align: center;\">Vendredi 18 octobre 2024<br \/><b>LA TOUSSAINT<\/b><\/p>\n<p class=\"p2\" style=\"text-align: center;\">Vendredi 28 novembre 2024<br \/><b>L\u2019AVENT<\/b><\/p>\n<p class=\"p2\" style=\"text-align: center;\">Mardi 7 janvier 2025<br \/><b>L\u2019\u00c9PIPHANIE<\/b><\/p>\n<p class=\"p2\" style=\"text-align: center;\">Vendredi 31 janvier 2025<b><br \/>CHANDELEUR<\/b><\/p>\n<p class=\"p2\" style=\"text-align: center;\">Vendredi 14 mars 2025<br \/><b>CAR\u00caME<\/b><\/p>\n<p class=\"p2\" style=\"text-align: center;\">Vendredi 6 juin 2025<br \/><b>PENTEC\u00d4TE<\/b><\/p>\n<p class=\"p2\" style=\"text-align: center;\">Jeudi 3 juillet 2025<br \/><b>Messe avec le primaire<\/b><\/p>\n<p>[\/et_pb_text][\/et_pb_column][\/et_pb_row][et_pb_row _builder_version=\u00a0\u00bb4.19.4&Prime; _module_preset=\u00a0\u00bbdefault\u00a0\u00bb global_colors_info=\u00a0\u00bb{}\u00a0\u00bb][et_pb_column type=\u00a0\u00bb4_4&Prime; _builder_version=\u00a0\u00bb4.19.4&Prime; _module_preset=\u00a0\u00bbdefault\u00a0\u00bb global_colors_info=\u00a0\u00bb{}\u00a0\u00bb][et_pb_text _builder_version=\u00a0\u00bb4.19.4&Prime; _module_preset=\u00a0\u00bbdefault\u00a0\u00bb global_colors_info=\u00a0\u00bb{}\u00a0\u00bb]<\/p>\n<h4 class=\"p1\" style=\"text-align: justify;\"><span class=\"s1\"><b>La Toussaint<\/b><\/span><\/h4>\n<p class=\"p1\" style=\"text-align: justify;\">Une c\u00e9l\u00e9bration qui nous permet de rendre gr\u00e2ce \u00e0 Dieu pour son regard pos\u00e9 sur les visages des Saints et aussi de tous les enfants d\u2019hier, d\u2019aujourd\u2019hui, de demain, du monde entier.<\/p>\n<p class=\"p1\" style=\"text-align: justify;\">Le vendredi 21 octobre 2022, Fr\u00e8re JULIEN est venu accompagner notre c\u00e9l\u00e9bration de la TOUSSAINT au cours de laquelle nous avons partag\u00e9 nos guirlandes de MERCIS.<\/p>\n<p class=\"p3\" style=\"text-align: justify;\"><span class=\"s2\">\u00ab <\/span><i>Il nous a fait entendre la parole de DIEU de ce jour, qu\u2019il a lue dans la BIBLE. Il nous a expliqu\u00e9 que l\u2019Esprit Saint nous donne la force d\u2019aimer comme J\u00e9sus. Il nous a expliqu\u00e9 que les VERTUS sont une force qui nous pousse \u00e0 aimer. \u00bb<\/i><\/p>\n<p class=\"p1\" style=\"text-align: justify;\">Paroles des \u00e9l\u00e8ves de MS<\/p>\n<p>[\/et_pb_text][\/et_pb_column][\/et_pb_row][et_pb_row column_structure=\u00a0\u00bb1_3,1_3,1_3&Prime; _builder_version=\u00a0\u00bb4.19.4&Prime; _module_preset=\u00a0\u00bbdefault\u00a0\u00bb global_colors_info=\u00a0\u00bb{}\u00a0\u00bb][et_pb_column type=\u00a0\u00bb1_3&Prime; _builder_version=\u00a0\u00bb4.19.4&Prime; _module_preset=\u00a0\u00bbdefault\u00a0\u00bb global_colors_info=\u00a0\u00bb{}\u00a0\u00bb][et_pb_image src=\u00a0\u00bbhttps:\/\/albert-le-grand.com\/wp-content\/uploads\/2022\/12\/Toussain1.png\u00a0\u00bb title_text=\u00a0\u00bbToussain1&Prime; _builder_version=\u00a0\u00bb4.19.4&Prime; _module_preset=\u00a0\u00bbdefault\u00a0\u00bb global_colors_info=\u00a0\u00bb{}\u00a0\u00bb][\/et_pb_image][\/et_pb_column][et_pb_column type=\u00a0\u00bb1_3&Prime; _builder_version=\u00a0\u00bb4.19.4&Prime; _module_preset=\u00a0\u00bbdefault\u00a0\u00bb global_colors_info=\u00a0\u00bb{}\u00a0\u00bb][et_pb_image src=\u00a0\u00bbhttps:\/\/albert-le-grand.com\/wp-content\/uploads\/2022\/12\/Toussain2.png\u00a0\u00bb title_text=\u00a0\u00bbToussain2&Prime; _builder_version=\u00a0\u00bb4.19.4&Prime; _module_preset=\u00a0\u00bbdefault\u00a0\u00bb global_colors_info=\u00a0\u00bb{}\u00a0\u00bb][\/et_pb_image][\/et_pb_column][et_pb_column type=\u00a0\u00bb1_3&Prime; _builder_version=\u00a0\u00bb4.19.4&Prime; _module_preset=\u00a0\u00bbdefault\u00a0\u00bb global_colors_info=\u00a0\u00bb{}\u00a0\u00bb][et_pb_image src=\u00a0\u00bbhttps:\/\/albert-le-grand.com\/wp-content\/uploads\/2022\/12\/Toussain3.png\u00a0\u00bb title_text=\u00a0\u00bbToussain3&Prime; _builder_version=\u00a0\u00bb4.19.4&Prime; _module_preset=\u00a0\u00bbdefault\u00a0\u00bb global_colors_info=\u00a0\u00bb{}\u00a0\u00bb][\/et_pb_image][\/et_pb_column][\/et_pb_row][et_pb_row column_structure=\u00a0\u00bb3_5,2_5&Prime; _builder_version=\u00a0\u00bb4.19.4&Prime; _module_preset=\u00a0\u00bbdefault\u00a0\u00bb custom_padding=\u00a0\u00bb0px||||false|false\u00a0\u00bb global_colors_info=\u00a0\u00bb{}\u00a0\u00bb][et_pb_column type=\u00a0\u00bb3_5&Prime; _builder_version=\u00a0\u00bb4.19.4&Prime; _module_preset=\u00a0\u00bbdefault\u00a0\u00bb global_colors_info=\u00a0\u00bb{}\u00a0\u00bb][et_pb_text _builder_version=\u00a0\u00bb4.19.4&Prime; _module_preset=\u00a0\u00bbdefault\u00a0\u00bb global_colors_info=\u00a0\u00bb{}\u00a0\u00bb]<\/p>\n<h4 class=\"p1\" style=\"text-align: justify;\"><span class=\"s1\"><b>L\u2019Avent <\/b><\/span><\/h4>\n<p class=\"p1\" style=\"text-align: justify;\">Une c\u00e9l\u00e9bration qui marque l\u2019attente d\u2019un merveilleux \u00e9v\u00e9nement, la naissance de l\u2019enfant J\u00e9sus, notre Sauveur. Joie et Mercis \u00e0 l\u2019honneur pour notre c\u00e9l\u00e9bration d\u2019entr\u00e9e dans l\u2019AVENT : <strong>Vendredi 25 novembre 2022.<\/strong><\/p>\n<h4 class=\"p1\" style=\"text-align: justify;\"><span class=\"s1\"><b>L\u2019\u00c9piphanie<\/b><\/span><\/h4>\n<p class=\"p1\" style=\"text-align: justify;\">Une c\u00e9l\u00e9bration qui rappelle aux enfants le long parcours que les rois mages ont effectu\u00e9 pour venir voir J\u00e9sus. Ce jour-l\u00e0, les membres de l\u2019APEL viennent offrir la galette \u00e0 tous les \u00e9l\u00e8ves de l\u2019\u00e9cole primaire.<\/p>\n<h4 class=\"p1\" style=\"text-align: justify;\"><span class=\"s1\"><b>Le Car\u00eame<\/b><\/span><\/h4>\n<p class=\"p1\" style=\"text-align: justify;\">Une c\u00e9l\u00e9bration qui marque un temps assez long pour se pr\u00e9parer \u00e0 la f\u00eate de P\u00e2ques. Tout au long de ce temps de Car\u00eame, les ma\u00eetresses am\u00e8nent les enfants \u00e0 \u00e9couter la parole de Dieu et \u00e0 se laisser guider par elle.<\/p>\n<h4 class=\"p1\" style=\"text-align: justify;\"><span class=\"s1\"><b>La Pentec\u00f4te<\/b><\/span><\/h4>\n<p class=\"p1\" style=\"text-align: justify;\">Apr\u00e8s la f\u00eate de P\u00e2ques o\u00f9 l\u2019on a f\u00eat\u00e9 dans les maisons la grande joie de J\u00e9sus ressuscit\u00e9, nos \u00e9l\u00e8ves de maternelle c\u00e9l\u00e8brent la Pentec\u00f4te\u00a0; la grande f\u00eate de l\u2019Esprit Saint.<\/p>\n<h4 class=\"p1\" style=\"text-align: justify;\"><span class=\"s1\"><b>La messe de fin d\u2019ann\u00e9e<\/b><\/span><\/h4>\n<p class=\"p1\" style=\"text-align: justify;\">C\u2019est avec les \u00e9l\u00e8ves du CP au CM2 que nos petits prennent le temps de rendre gr\u00e2ce pour tout ce que nous avons re\u00e7u, tout au long de notre ann\u00e9e scolaire.<\/p>\n<p>[\/et_pb_text][\/et_pb_column][et_pb_column type=\u00a0\u00bb2_5&Prime; _builder_version=\u00a0\u00bb4.19.4&Prime; _module_preset=\u00a0\u00bbdefault\u00a0\u00bb background_color=\u00a0\u00bbrgba(157,192,67,0.24)\u00a0\u00bb custom_padding=\u00a0\u00bb20px||20px||false|false\u00a0\u00bb global_colors_info=\u00a0\u00bb{}\u00a0\u00bb][et_pb_text module_id=\u00a0\u00bbmesses\u00a0\u00bb _builder_version=\u00a0\u00bb4.19.4&Prime; _module_preset=\u00a0\u00bbdefault\u00a0\u00bb global_colors_info=\u00a0\u00bb{}\u00a0\u00bb]<\/p>\n<h3 class=\"p1\" style=\"text-align: center;\"><\/h3>\n<h3 class=\"p1\" style=\"text-align: center;\">\u00a0\u00a0<b><\/b><b>Les dates<span class=\"Apple-converted-space\">\u00a0<\/span><\/b><b>des messes PRIMAIRE<\/b><\/h3>\n<p class=\"p1\" style=\"text-align: center;\"><b><\/b><\/p>\n<h4 class=\"p1\" style=\"text-align: center;\"><b>Ann\u00e9e 2024 \u2013 2025<\/b><\/h4>\n<p class=\"p3\" style=\"text-align: center;\">Jeudi 19 septembre 2024<br \/><b>Cour du coll\u00e8ge\u00a0: 10h10<\/b><\/p>\n<p class=\"p3\" style=\"text-align: center;\">Jeudi 17 octobre 2024<br \/><b>Chapelle de Beaulieu\u00a0: 9h00<\/b><\/p>\n<p class=\"p3\" style=\"text-align: center;\">Mardi 15 novembre 2024<br \/><b>Messe de la Saint Albert : 9h45<br \/><\/b><b>\u00c9glise St NICOLAS<\/b><\/p>\n<p class=\"p3\" style=\"text-align: center;\">Jeudi 12 d\u00e9cembre 2024<br \/><b>Chapelle de Beaulieu\u00a0: 9h00<\/b><\/p>\n<p class=\"p3\" style=\"text-align: center;\">Jeudi 9 janvier 2025<br \/><b>Chapelle de Beaulieu\u00a0: 9h00<\/b><\/p>\n<p class=\"p3\" style=\"text-align: center;\">Jeudi 13 f\u00e9vrier 2025<br \/><b>Chapelle de Beaulieu : 9h00<\/b><\/p>\n<p class=\"p3\" style=\"text-align: center;\">Jeudi 13 mars 2025<br \/><b>Chapelle de Beaulieu\u00a0: 9h00<br \/><\/b><b><\/b><\/p>\n<p class=\"p3\" style=\"text-align: center;\">Jeudi 27 mars 2025<br \/><b><\/b><b>Kermesse missionnaire<\/b><\/p>\n<p class=\"p3\" style=\"text-align: center;\">Du dimanche 13 avril<span class=\"Apple-converted-space\">\u00a0<\/span>au samedi 19 avril 2025<br \/><b>Semaine Sainte<\/b><\/p>\n<p class=\"p3\" style=\"text-align: center;\">Jeudi 17 avril 2025<br \/><b>Ateliers autour du jeudi Saint<\/b><b><\/b><\/p>\n<p class=\"p3\" style=\"text-align: center;\">Vendredi 18 avril 2025<br \/><b>Bol de riz, Chemin de croix<\/b><\/p>\n<p class=\"p3\" style=\"text-align: center;\">Jeudi 15 mai 2025<br \/><b>Chapelle de Beaulieu\u00a0: 9h00<\/b><\/p>\n<p class=\"p3\" style=\"text-align: center;\">Jeudi 12 juin 2025<br \/><b>Chapelle de Beaulieu\u00a0: 9h00<\/b><\/p>\n<p class=\"p3\" style=\"text-align: center;\">Jeudi 3 juillet 2025<br \/><b>Messe de fin d\u2019ann\u00e9e\u00a0: 10 heures<br \/><\/b><b>Cour de r\u00e9cr\u00e9ation du primaire<\/b><\/p>\n<p class=\"p3\" style=\"text-align: center;\">___________<b><\/b><\/p>\n<p class=\"p3\" style=\"text-align: center;\"><strong><span style=\"text-decoration: underline;\">C\u00e9r\u00e9monies\u00a0:<\/span> Saint PAUL<br \/><\/strong><\/p>\n<p class=\"p3\" style=\"text-align: center;\">Samedi 8 fevrier 2025<br \/><b>Premi\u00e8res communions<span class=\"Apple-converted-space\">\u00a0<\/span><\/b><b><\/b><\/p>\n<p class=\"p3\" style=\"text-align: center;\">Samedi 7 juin 2025<br \/><b>Professions de foi\/Bapt\u00eames<\/b><\/p>\n<p class=\"p7\" style=\"text-align: center;\">\u00ab\u00a0<i>Chercher la v\u00e9rit\u00e9 dans la douceur de la fraternit\u00e9<\/i>\u00a0\u00bb<\/p>\n<p class=\"p7\" style=\"text-align: center;\">Saint Albert Le Grand<\/p>\n<p>[\/et_pb_text][\/et_pb_column][\/et_pb_row][\/et_pb_section]<\/p>\n","protected":false},"excerpt":{"rendered":"<p>Pr\u00e9sentation de l\u2019\u00e9cole\u00a0 \u00a0 \u00a0 Bien vivre le temps scolaire\u00a0 \u00a0 \u00a0 Les projets de l\u2019\u00e9cole\u00a0 \u00a0 \u00a0 Les atouts de l\u2019\u00e9cole primaire\u00a0 \u00a0 \u00a0 Les r\u00e9alisations de classes Les activit\u00e9s p\u00e9riscolaires\u00a0 \u00a0 \u00a0 Vie spirituelle\u00a0 \u00a0 \u00a0 Vie culturelle\u00a0 \u00a0 \u00a0 Vie sportive\u00a0 \u00a0 \u00a0 Actualit\u00e9s&#8230; Vie spirituelleLes orientations pastorales Le parcours de vie [&hellip;]<\/p>\n","protected":false},"author":1,"featured_media":0,"parent":0,"menu_order":0,"comment_status":"closed","ping_status":"closed","template":"","meta":{"_et_pb_use_builder":"on","_et_pb_old_content":"<!-- wp:divi\/placeholder \/-->","_et_gb_content_width":"","footnotes":""},"class_list":["post-393","page","type-page","status-publish","hentry"],"_links":{"self":[{"href":"https:\/\/www.albert-le-grand.com\/index.php\/wp-json\/wp\/v2\/pages\/393","targetHints":{"allow":["GET"]}}],"collection":[{"href":"https:\/\/www.albert-le-grand.com\/index.php\/wp-json\/wp\/v2\/pages"}],"about":[{"href":"https:\/\/www.albert-le-grand.com\/index.php\/wp-json\/wp\/v2\/types\/page"}],"author":[{"embeddable":true,"href":"https:\/\/www.albert-le-grand.com\/index.php\/wp-json\/wp\/v2\/users\/1"}],"replies":[{"embeddable":true,"href":"https:\/\/www.albert-le-grand.com\/index.php\/wp-json\/wp\/v2\/comments?post=393"}],"version-history":[{"count":29,"href":"https:\/\/www.albert-le-grand.com\/index.php\/wp-json\/wp\/v2\/pages\/393\/revisions"}],"predecessor-version":[{"id":2228,"href":"https:\/\/www.albert-le-grand.com\/index.php\/wp-json\/wp\/v2\/pages\/393\/revisions\/2228"}],"wp:attachment":[{"href":"https:\/\/www.albert-le-grand.com\/index.php\/wp-json\/wp\/v2\/media?parent=393"}],"curies":[{"name":"wp","href":"https:\/\/api.w.org\/{rel}","templated":true}]}}