{"id":395,"date":"2022-12-29T14:22:12","date_gmt":"2022-12-29T13:22:12","guid":{"rendered":"https:\/\/albert-le-grand.com\/?page_id=395"},"modified":"2024-02-19T17:36:43","modified_gmt":"2024-02-19T16:36:43","slug":"vie-culturelle","status":"publish","type":"page","link":"https:\/\/www.albert-le-grand.com\/index.php\/vie-culturelle\/","title":{"rendered":"Vie culturelle"},"content":{"rendered":"<p>[et_pb_section fb_built=\u00a0\u00bb1&Prime; _builder_version=\u00a0\u00bb4.19.4&Prime; _module_preset=\u00a0\u00bbdefault\u00a0\u00bb custom_padding=\u00a0\u00bb0px||0px||false|false\u00a0\u00bb global_colors_info=\u00a0\u00bb{}\u00a0\u00bb][et_pb_row _builder_version=\u00a0\u00bb4.19.4&Prime; _module_preset=\u00a0\u00bbdefault\u00a0\u00bb width=\u00a0\u00bb100%\u00a0\u00bb max_width=\u00a0\u00bb100%\u00a0\u00bb global_colors_info=\u00a0\u00bb{}\u00a0\u00bb][et_pb_column type=\u00a0\u00bb4_4&Prime; _builder_version=\u00a0\u00bb4.19.4&Prime; _module_preset=\u00a0\u00bbdefault\u00a0\u00bb global_colors_info=\u00a0\u00bb{}\u00a0\u00bb][et_pb_image src=\u00a0\u00bbhttps:\/\/albert-le-grand.com\/wp-content\/uploads\/2022\/12\/bandeauVieCulturelle.png\u00a0\u00bb title_text=\u00a0\u00bbbandeauVieCulturelle\u00a0\u00bb force_fullwidth=\u00a0\u00bbon\u00a0\u00bb _builder_version=\u00a0\u00bb4.19.4&Prime; _module_preset=\u00a0\u00bbdefault\u00a0\u00bb global_colors_info=\u00a0\u00bb{}\u00a0\u00bb][\/et_pb_image][\/et_pb_column][\/et_pb_row][\/et_pb_section][et_pb_section fb_built=\u00a0\u00bb1&Prime; _builder_version=\u00a0\u00bb4.19.4&Prime; _module_preset=\u00a0\u00bbdefault\u00a0\u00bb custom_margin=\u00a0\u00bb0px||0px||false|false\u00a0\u00bb custom_padding=\u00a0\u00bb2px||0px||false|false\u00a0\u00bb global_colors_info=\u00a0\u00bb{}\u00a0\u00bb][et_pb_row _builder_version=\u00a0\u00bb4.19.4&Prime; _module_preset=\u00a0\u00bbdefault\u00a0\u00bb custom_padding=\u00a0\u00bb||0px||false|false\u00a0\u00bb global_colors_info=\u00a0\u00bb{}\u00a0\u00bb][et_pb_column type=\u00a0\u00bb4_4&Prime; _builder_version=\u00a0\u00bb4.19.4&Prime; _module_preset=\u00a0\u00bbdefault\u00a0\u00bb global_colors_info=\u00a0\u00bb{}\u00a0\u00bb][et_pb_text _builder_version=\u00a0\u00bb4.23.4&Prime; _module_preset=\u00a0\u00bbdefault\u00a0\u00bb hover_enabled=\u00a0\u00bb0&Prime; global_colors_info=\u00a0\u00bb{}\u00a0\u00bb sticky_enabled=\u00a0\u00bb0&Prime;]<\/p>\n<p class=\"p1\" style=\"text-align: center;\"><a href=\"https:\/\/www.albert-le-grand.com\/index.php\/ecole-2\/#bienvenue\"><span class=\"s1\"><b>Pr\u00e9sentation de l\u2019\u00e9cole<\/b><\/span><\/a><b><span class=\"Apple-converted-space\">\u00a0 \u00a0 \u00a0 <\/span><a href=\"https:\/\/www.albert-le-grand.com\/index.php\/bien-vivre-le-temps-scolaire\/\">Bien vivre le temps scolaire<\/a><span class=\"Apple-converted-space\">\u00a0 \u00a0 \u00a0 <\/span><a href=\"https:\/\/www.albert-le-grand.com\/index.php\/les-projets-de-lecole\/\">Les projets de l\u2019\u00e9cole<\/a><span class=\"Apple-converted-space\">\u00a0 \u00a0 \u00a0 <\/span><a href=\"https:\/\/www.albert-le-grand.com\/index.php\/les-atouts-de-lecole-primaire\/\">Les atouts de l\u2019\u00e9cole primaire<\/a><span class=\"Apple-converted-space\">\u00a0 \u00a0 \u00a0 <\/span><a href=\"https:\/\/www.albert-le-grand.com\/index.php\/les-realisations-de-classe\/\">Les r\u00e9alisations de classes<\/a><\/b><\/p>\n<p class=\"p1\" style=\"text-align: center;\"><b><a href=\"https:\/\/www.albert-le-grand.com\/index.php\/les-activites-periscolaires\/\">Les activit\u00e9s p\u00e9riscolaires<\/a><span class=\"Apple-converted-space\">\u00a0 \u00a0 \u00a0 <\/span><a href=\"https:\/\/www.albert-le-grand.com\/index.php\/vie-spirituelle\/\">Vie spirituelle<\/a><span class=\"Apple-converted-space\">\u00a0 \u00a0 \u00a0 <\/span><a href=\"https:\/\/www.albert-le-grand.com\/index.php\/vie-culturelle\/\">Vie culturelle<\/a><span class=\"Apple-converted-space\">\u00a0 \u00a0 \u00a0 <\/span><a href=\"https:\/\/www.albert-le-grand.com\/index.php\/vie-sportive\/\">Vie sportive<\/a><span class=\"Apple-converted-space\">\u00a0 \u00a0 \u00a0 <\/span><a href=\"https:\/\/www.albert-le-grand.com\/index.php\/actualites-ecole\/\">Actualit\u00e9s<\/a><\/b><\/p>\n<p>[\/et_pb_text][\/et_pb_column][\/et_pb_row][et_pb_row _builder_version=\u00a0\u00bb4.19.4&Prime; _module_preset=\u00a0\u00bbdefault\u00a0\u00bb global_colors_info=\u00a0\u00bb{}\u00a0\u00bb][et_pb_column type=\u00a0\u00bb4_4&Prime; _builder_version=\u00a0\u00bb4.19.4&Prime; _module_preset=\u00a0\u00bbdefault\u00a0\u00bb global_colors_info=\u00a0\u00bb{}\u00a0\u00bb][et_pb_image src=\u00a0\u00bbhttps:\/\/albert-le-grand.com\/wp-content\/uploads\/2022\/12\/bandeau.png\u00a0\u00bb title_text=\u00a0\u00bbbandeau\u00a0\u00bb _builder_version=\u00a0\u00bb4.19.4&Prime; _module_preset=\u00a0\u00bbdefault\u00a0\u00bb custom_margin=\u00a0\u00bb||0px||false|false\u00a0\u00bb custom_padding=\u00a0\u00bb||0px||false|false\u00a0\u00bb global_colors_info=\u00a0\u00bb{}\u00a0\u00bb][\/et_pb_image][\/et_pb_column][\/et_pb_row][et_pb_row _builder_version=\u00a0\u00bb4.19.4&Prime; _module_preset=\u00a0\u00bbdefault\u00a0\u00bb custom_padding=\u00a0\u00bb0px||20px||false|false\u00a0\u00bb global_colors_info=\u00a0\u00bb{}\u00a0\u00bb][et_pb_column type=\u00a0\u00bb4_4&Prime; _builder_version=\u00a0\u00bb4.19.4&Prime; _module_preset=\u00a0\u00bbdefault\u00a0\u00bb global_colors_info=\u00a0\u00bb{}\u00a0\u00bb][et_pb_text _builder_version=\u00a0\u00bb4.19.4&Prime; _module_preset=\u00a0\u00bbdefault\u00a0\u00bb global_colors_info=\u00a0\u00bb{}\u00a0\u00bb]<\/p>\n<h3>&#8230; Vie culturelle<\/h3>\n<p>[\/et_pb_text][\/et_pb_column][\/et_pb_row][et_pb_row _builder_version=\u00a0\u00bb4.19.4&Prime; _module_preset=\u00a0\u00bbdefault\u00a0\u00bb custom_margin=\u00a0\u00bb0px||||false|false\u00a0\u00bb custom_padding=\u00a0\u00bb0px||||false|false\u00a0\u00bb global_colors_info=\u00a0\u00bb{}\u00a0\u00bb][et_pb_column type=\u00a0\u00bb4_4&Prime; _builder_version=\u00a0\u00bb4.19.4&Prime; _module_preset=\u00a0\u00bbdefault\u00a0\u00bb global_colors_info=\u00a0\u00bb{}\u00a0\u00bb][et_pb_text _builder_version=\u00a0\u00bb4.19.4&Prime; _module_preset=\u00a0\u00bbdefault\u00a0\u00bb global_colors_info=\u00a0\u00bb{}\u00a0\u00bb]<\/p>\n<p class=\"p1\"><a href=\"#concerts\"><b>MINI-CONCERTS au th\u00e9\u00e2tre F\u00e9mina de Bordeaux<\/b><\/a><\/p>\n<p class=\"p1\"><a href=\"#museum\"><b>Mus\u00e9um d\u2019Histoire Naturelle<\/b><\/a><\/p>\n<p>[\/et_pb_text][\/et_pb_column][\/et_pb_row][\/et_pb_section][et_pb_section fb_built=\u00a0\u00bb1&Prime; _builder_version=\u00a0\u00bb4.19.4&Prime; _module_preset=\u00a0\u00bbdefault\u00a0\u00bb background_color=\u00a0\u00bbrgba(250,216,20,0.17)\u00a0\u00bb custom_margin=\u00a0\u00bb0px||0px||false|false\u00a0\u00bb custom_padding=\u00a0\u00bb2px||20px||false|false\u00a0\u00bb global_colors_info=\u00a0\u00bb{}\u00a0\u00bb][et_pb_row module_id=\u00a0\u00bbconcerts\u00a0\u00bb _builder_version=\u00a0\u00bb4.19.4&Prime; _module_preset=\u00a0\u00bbdefault\u00a0\u00bb custom_padding=\u00a0\u00bb||0px||false|false\u00a0\u00bb global_colors_info=\u00a0\u00bb{}\u00a0\u00bb][et_pb_column type=\u00a0\u00bb4_4&Prime; _builder_version=\u00a0\u00bb4.19.4&Prime; _module_preset=\u00a0\u00bbdefault\u00a0\u00bb global_colors_info=\u00a0\u00bb{}\u00a0\u00bb][et_pb_text _builder_version=\u00a0\u00bb4.19.4&Prime; _module_preset=\u00a0\u00bbdefault\u00a0\u00bb custom_margin=\u00a0\u00bb||10px||false|false\u00a0\u00bb global_colors_info=\u00a0\u00bb{}\u00a0\u00bb]<\/p>\n<h2 class=\"p1\" style=\"text-align: justify;\"><b>MINI-CONCERTS au th\u00e9\u00e2tre F\u00e9mina de Bordeaux<\/b><\/h2>\n<p class=\"p1\" style=\"text-align: justify;\"><span class=\"s1\"><b>D\u00e9couvrir, apprendre et partager<\/b><\/span>\u00a0sont les ma\u00eetres mots de l\u2019ensemble des concepts de l\u2019Orchestre Symphonique de Gironde vers le jeune public.<span class=\"Apple-converted-space\">\u00a0<span class=\"Apple-tab-span\"> <\/span><\/span>Depuis 15 ans, l\u2019<span class=\"s1\"><b>Orchestre Symphonique de Gironde<\/b><\/span> propose des concerts p\u00e9dagogiques autant pl\u00e9biscit\u00e9s par les enseignants que par les \u00e9l\u00e8ves\u00a0; ces mini-concerts proposent d\u2019abord une pr\u00e9sentation des instruments puis une \u00e9coute musicale d\u2019une \u0153uvre, d\u2019un conte, d\u2019un style, etc.<\/p>\n<p class=\"p1\" style=\"text-align: justify;\">A l\u2019\u00e9cole ALBERT LE GRAND, nos enseignant(e)s sont devenus des adeptes de cette proposition. Chaque ann\u00e9e, nos Albertins et Albertines ont la joie de d\u00e9couvrir de belles symphonies\u00a0: petites et grandes oreilles s\u2019ouvrent alors \u00e0 l\u2019\u00e9merveillement et au langage de la musique.<\/p>\n<p class=\"p3\" style=\"text-align: justify;\"><b>Au programme de cette ann\u00e9e, nos \u00e9l\u00e8ves d\u00e9couvriront\u00a0:<\/b><\/p>\n<p>[\/et_pb_text][\/et_pb_column][\/et_pb_row][et_pb_row column_structure=\u00a0\u00bb1_3,2_3&Prime; _builder_version=\u00a0\u00bb4.19.4&Prime; _module_preset=\u00a0\u00bbdefault\u00a0\u00bb background_color=\u00a0\u00bb#FFFFFF\u00a0\u00bb custom_margin=\u00a0\u00bb0px||20px||false|false\u00a0\u00bb custom_padding=\u00a0\u00bb0px||0px||false|false\u00a0\u00bb global_colors_info=\u00a0\u00bb{}\u00a0\u00bb][et_pb_column type=\u00a0\u00bb1_3&Prime; _builder_version=\u00a0\u00bb4.19.4&Prime; _module_preset=\u00a0\u00bbdefault\u00a0\u00bb global_colors_info=\u00a0\u00bb{}\u00a0\u00bb][et_pb_image src=\u00a0\u00bbhttps:\/\/albert-le-grand.com\/wp-content\/uploads\/2022\/12\/NewYork.png\u00a0\u00bb title_text=\u00a0\u00bbNewYork\u00a0\u00bb _builder_version=\u00a0\u00bb4.19.4&Prime; _module_preset=\u00a0\u00bbdefault\u00a0\u00bb global_colors_info=\u00a0\u00bb{}\u00a0\u00bb][\/et_pb_image][\/et_pb_column][et_pb_column type=\u00a0\u00bb2_3&Prime; _builder_version=\u00a0\u00bb4.19.4&Prime; _module_preset=\u00a0\u00bbdefault\u00a0\u00bb global_colors_info=\u00a0\u00bb{}\u00a0\u00bb][et_pb_text _builder_version=\u00a0\u00bb4.19.4&Prime; _module_preset=\u00a0\u00bbdefault\u00a0\u00bb custom_padding=\u00a0\u00bb10px|10px|10px||false|false\u00a0\u00bb global_colors_info=\u00a0\u00bb{}\u00a0\u00bb]<\/p>\n<p class=\"p1\"><b>De New York \u00e0 Broadway<br \/><\/b><span class=\"s1\"><b>Dvorak<\/b><\/span>\u00a0Symphonie n\u00b09 \u00abNouveau Monde\u00bb<br \/><span class=\"s1\"><b>Gershwin<\/b><\/span>\u00a0Girl Crazy, ouverture<br \/><span class=\"s1\"><b>Bernstein<\/b><\/span>\u00a0West Side Story, extraits<br \/><span class=\"s1\"><b>Williams<\/b><\/span>\u00a0Star Wars<\/p>\n<p class=\"p2\">La fin du XIX\u00e8 si\u00e8cle est un tournant majeur de la musique, notamment aux \u00c9tats-Unis o\u00f9 se m\u00ealent le romantisme europ\u00e9en \u00e0 l\u2019\u00e9mergence du Jazz et de la musique de film. De Dvorak aux musiques de film de John Williams en passant par les com\u00e9dies musicales de Gershwin et Bernstein, le voyage est garanti\u00a0!<\/p>\n<p>[\/et_pb_text][\/et_pb_column][\/et_pb_row][et_pb_row column_structure=\u00a0\u00bb2_3,1_3&Prime; _builder_version=\u00a0\u00bb4.19.4&Prime; _module_preset=\u00a0\u00bbdefault\u00a0\u00bb background_color=\u00a0\u00bb#FFFFFF\u00a0\u00bb custom_margin=\u00a0\u00bb0px||20px||false|false\u00a0\u00bb custom_padding=\u00a0\u00bb0px||0px||false|false\u00a0\u00bb global_colors_info=\u00a0\u00bb{}\u00a0\u00bb][et_pb_column type=\u00a0\u00bb2_3&Prime; _builder_version=\u00a0\u00bb4.19.4&Prime; _module_preset=\u00a0\u00bbdefault\u00a0\u00bb global_colors_info=\u00a0\u00bb{}\u00a0\u00bb][et_pb_text _builder_version=\u00a0\u00bb4.19.4&Prime; _module_preset=\u00a0\u00bbdefault\u00a0\u00bb custom_padding=\u00a0\u00bb10px|||10px|false|false\u00a0\u00bb global_colors_info=\u00a0\u00bb{}\u00a0\u00bb]<\/p>\n<p class=\"p1\"><span class=\"s1\"><b>Piccolo, Saxo &amp; compagnie<\/b><\/span> (ou la petite histoire d\u2019un grand orchestre)<br \/><span class=\"s1\"><b>Popp\u00a0Piccolo,<\/b><\/span> Saxo &amp; compagnie<br \/><span class=\"s1\"><b>Cl\u00e9ment Scherrer<\/b><\/span>\u00a0r\u00e9citant-com\u00e9dien<\/p>\n<p class=\"p1\">Avec \u00abPierre et le loup\u00bb, ce conte musical p\u00e9dagogique d\u2019Andr\u00e9 Popp est une parfaite r\u00e9ussite de la d\u00e9couverte des instruments de l\u2019orchestre. Suivez avec nous les aventures de Piccolo et Saxo dans le monde de la Musique. Un enchantement pour petits et grands men\u00e9 par notre com\u00e9dien Cl\u00e9ment Scherrer. Quel honneur de pouvoir b\u00e9n\u00e9ficier de la pr\u00e9sence de Cl\u00e9ment Scherrer \u00e0 l\u2019\u00e9cole ALBERT LE GRAND qui anime, tout au long de l\u2019ann\u00e9e, les ateliers th\u00e9\u00e2tre pour nos \u00e9l\u00e8ves du CE1 au CM2\u00a0!<\/p>\n<p>[\/et_pb_text][\/et_pb_column][et_pb_column type=\u00a0\u00bb1_3&Prime; _builder_version=\u00a0\u00bb4.19.4&Prime; _module_preset=\u00a0\u00bbdefault\u00a0\u00bb global_colors_info=\u00a0\u00bb{}\u00a0\u00bb][et_pb_image src=\u00a0\u00bbhttps:\/\/albert-le-grand.com\/wp-content\/uploads\/2022\/12\/Saxo.png\u00a0\u00bb title_text=\u00a0\u00bbSaxo\u00a0\u00bb _builder_version=\u00a0\u00bb4.19.4&Prime; _module_preset=\u00a0\u00bbdefault\u00a0\u00bb global_colors_info=\u00a0\u00bb{}\u00a0\u00bb][\/et_pb_image][\/et_pb_column][\/et_pb_row][et_pb_row column_structure=\u00a0\u00bb1_3,2_3&Prime; _builder_version=\u00a0\u00bb4.19.4&Prime; _module_preset=\u00a0\u00bbdefault\u00a0\u00bb background_color=\u00a0\u00bb#FFFFFF\u00a0\u00bb custom_margin=\u00a0\u00bb0px||20px||false|false\u00a0\u00bb custom_padding=\u00a0\u00bb0px||0px||false|false\u00a0\u00bb global_colors_info=\u00a0\u00bb{}\u00a0\u00bb][et_pb_column type=\u00a0\u00bb1_3&Prime; _builder_version=\u00a0\u00bb4.19.4&Prime; _module_preset=\u00a0\u00bbdefault\u00a0\u00bb global_colors_info=\u00a0\u00bb{}\u00a0\u00bb][et_pb_image src=\u00a0\u00bbhttps:\/\/albert-le-grand.com\/wp-content\/uploads\/2022\/12\/Carnaval.png\u00a0\u00bb title_text=\u00a0\u00bbCarnaval\u00a0\u00bb _builder_version=\u00a0\u00bb4.19.4&Prime; _module_preset=\u00a0\u00bbdefault\u00a0\u00bb global_colors_info=\u00a0\u00bb{}\u00a0\u00bb][\/et_pb_image][\/et_pb_column][et_pb_column type=\u00a0\u00bb2_3&Prime; _builder_version=\u00a0\u00bb4.19.4&Prime; _module_preset=\u00a0\u00bbdefault\u00a0\u00bb global_colors_info=\u00a0\u00bb{}\u00a0\u00bb][et_pb_text _builder_version=\u00a0\u00bb4.19.4&Prime; _module_preset=\u00a0\u00bbdefault\u00a0\u00bb custom_padding=\u00a0\u00bb10px|10px|10px||false|false\u00a0\u00bb global_colors_info=\u00a0\u00bb{}\u00a0\u00bb]<\/p>\n<p class=\"p1\"><b>Carnaval des animaux jazz<br \/><\/b><span class=\"s1\"><b>Arruti<\/b><\/span>\u00a0musique &amp; direction<br \/><span class=\"s1\"><b>Batby<\/b><\/span>\u00a0conteuse<\/p>\n<p class=\"p2\">Composer une \u0153uvre musicale n\u2019est jamais chose facile, proposer une version jazz d\u2019une \u0153uvre aussi c\u00e9l\u00e8bre que le Carnaval des animaux de Camille Saint-Sa\u00ebns est un pari fou ! Et pourtant, S\u00e9bastien Arruti a relev\u00e9 le d\u00e9fi et nous a propos\u00e9 une version Big Band qui a conna\u00eet un immense succ\u00e8s. A d\u00e9couvrir !<\/p>\n<p>[\/et_pb_text][\/et_pb_column][\/et_pb_row][\/et_pb_section][et_pb_section fb_built=\u00a0\u00bb1&Prime; _builder_version=\u00a0\u00bb4.19.4&Prime; _module_preset=\u00a0\u00bbdefault\u00a0\u00bb custom_padding=\u00a0\u00bb20px||20px||false|false\u00a0\u00bb global_colors_info=\u00a0\u00bb{}\u00a0\u00bb][et_pb_row module_id=\u00a0\u00bbmuseum\u00a0\u00bb _builder_version=\u00a0\u00bb4.19.4&Prime; _module_preset=\u00a0\u00bbdefault\u00a0\u00bb custom_padding=\u00a0\u00bb||10px||false|false\u00a0\u00bb global_colors_info=\u00a0\u00bb{}\u00a0\u00bb][et_pb_column type=\u00a0\u00bb4_4&Prime; _builder_version=\u00a0\u00bb4.19.4&Prime; _module_preset=\u00a0\u00bbdefault\u00a0\u00bb global_colors_info=\u00a0\u00bb{}\u00a0\u00bb][et_pb_text _builder_version=\u00a0\u00bb4.19.4&Prime; _module_preset=\u00a0\u00bbdefault\u00a0\u00bb global_colors_info=\u00a0\u00bb{}\u00a0\u00bb]<\/p>\n<h2 class=\"p1\"><b>Mus\u00e9um d\u2019Histoire Naturelle<\/b><\/h2>\n<p>[\/et_pb_text][\/et_pb_column][\/et_pb_row][et_pb_row column_structure=\u00a0\u00bb1_2,1_2&Prime; _builder_version=\u00a0\u00bb4.19.4&Prime; _module_preset=\u00a0\u00bbdefault\u00a0\u00bb custom_margin=\u00a0\u00bb0px||0px||false|false\u00a0\u00bb custom_padding=\u00a0\u00bb0px||0px||false|false\u00a0\u00bb global_colors_info=\u00a0\u00bb{}\u00a0\u00bb][et_pb_column type=\u00a0\u00bb1_2&Prime; _builder_version=\u00a0\u00bb4.19.4&Prime; _module_preset=\u00a0\u00bbdefault\u00a0\u00bb global_colors_info=\u00a0\u00bb{}\u00a0\u00bb][et_pb_text _builder_version=\u00a0\u00bb4.19.4&Prime; _module_preset=\u00a0\u00bbdefault\u00a0\u00bb global_colors_info=\u00a0\u00bb{}\u00a0\u00bb]<\/p>\n<p class=\"p1\" style=\"text-align: justify;\"><b>Chaque ann\u00e9e, nos enseignants aiment faire appel au Mus\u00e9um d\u2019Histoire Naturelle pour leur belle offre p\u00e9dagogique. <\/b><b>Des amoureux de la faune et la flore viennent \u00e0 la rencontre de nos Albertins et Albertines pour leur faire d\u00e9couvrir un th\u00e8me en particulier. <\/b><b>Cette ann\u00e9e, les enseignantes de MS, GS, GS\/CP et CP\/CE1 ont propos\u00e9 \u00e0 leurs \u00e9l\u00e8ves l\u2019animation Un oiseau, des oiseaux<\/b><\/p>\n<p class=\"p2\" style=\"text-align: justify;\"><i><\/i><\/p>\n<p class=\"p3\" style=\"text-align: justify;\"><i>\u00ab\u00a0Les chants et les appels permettent aux oiseaux de communiquer entre eux. Les oiseaux utilisent leur bec pour attraper, saisir et transporter leur nourriture, pour eux ou pour leurs petits. Selon leur mode de vie, les oiseaux se servent de leurs pattes pour marcher, nager, se percher, atterrir, capturer des proies, ou encore saisir de la nourriture. Durant l\u2019animation, les enfants seront amen\u00e9s \u00e0 d\u00e9couvrir ces caract\u00e9ristiques qui d\u00e9finissent l\u2019appartenance au groupe des Oiseaux, par l\u2019utilisation de diff\u00e9rents supports (jeux, sp\u00e9cimens, plumes, \u0153ufs, squelettes, etc.).\u00a0\u00bb\u00a0<\/i>Mus\u00e9um de Bordeaux<\/p>\n<p>[\/et_pb_text][\/et_pb_column][et_pb_column type=\u00a0\u00bb1_2&Prime; _builder_version=\u00a0\u00bb4.19.4&Prime; _module_preset=\u00a0\u00bbdefault\u00a0\u00bb background_enable_color=\u00a0\u00bboff\u00a0\u00bb custom_padding=\u00a0\u00bb15px||30px||false|false\u00a0\u00bb global_colors_info=\u00a0\u00bb{}\u00a0\u00bb][et_pb_gallery gallery_ids=\u00a0\u00bb686,683,684,685,687,681,682&Prime; posts_number=\u00a0\u00bb2&Prime; show_title_and_caption=\u00a0\u00bboff\u00a0\u00bb _builder_version=\u00a0\u00bb4.19.4&Prime; _module_preset=\u00a0\u00bbdefault\u00a0\u00bb global_colors_info=\u00a0\u00bb{}\u00a0\u00bb][\/et_pb_gallery][\/et_pb_column][\/et_pb_row][et_pb_row _builder_version=\u00a0\u00bb4.19.4&Prime; _module_preset=\u00a0\u00bbdefault\u00a0\u00bb custom_padding=\u00a0\u00bb||0px||false|false\u00a0\u00bb global_colors_info=\u00a0\u00bb{}\u00a0\u00bb][et_pb_column type=\u00a0\u00bb4_4&Prime; _builder_version=\u00a0\u00bb4.19.4&Prime; _module_preset=\u00a0\u00bbdefault\u00a0\u00bb global_colors_info=\u00a0\u00bb{}\u00a0\u00bb][et_pb_text _builder_version=\u00a0\u00bb4.19.4&Prime; _module_preset=\u00a0\u00bbdefault\u00a0\u00bb global_colors_info=\u00a0\u00bb{}\u00a0\u00bb]<\/p>\n<p class=\"p1\"><b>Dans la classe des CP\/CE1, nous avons continu\u00e9 \u00e0 exploiter ce th\u00e8me\u00a0:<br \/><\/b>\u2022 en po\u00e9sie d\u2019abord avec \u00ab\u00a0Les oiseaux perdus\u00a0\u00bb de Maurice Car\u00eame<br \/>\u2022 en litt\u00e9rature ensuite avec le tr\u00e8s bel ouvrage de Philippe Corentin \u00ab\u00a0L\u2019Afrique de Zigomar\u00a0\u00bb<br \/>\u2022 C\u2019est enfin sous les projecteurs que les enfants ont eu le plaisir de r\u00e9citer leur po\u00e9sie\u00a0; un bel exercice de style \u2026<\/p>\n<p>[\/et_pb_text][\/et_pb_column][\/et_pb_row][et_pb_row column_structure=\u00a0\u00bb1_2,1_4,1_4&Prime; _builder_version=\u00a0\u00bb4.19.4&Prime; _module_preset=\u00a0\u00bbdefault\u00a0\u00bb global_colors_info=\u00a0\u00bb{}\u00a0\u00bb][et_pb_column type=\u00a0\u00bb1_2&Prime; _builder_version=\u00a0\u00bb4.19.4&Prime; _module_preset=\u00a0\u00bbdefault\u00a0\u00bb global_colors_info=\u00a0\u00bb{}\u00a0\u00bb][et_pb_image src=\u00a0\u00bbhttps:\/\/albert-le-grand.com\/wp-content\/uploads\/2022\/12\/Oiseau1.png\u00a0\u00bb title_text=\u00a0\u00bbOiseau1&Prime; _builder_version=\u00a0\u00bb4.19.4&Prime; _module_preset=\u00a0\u00bbdefault\u00a0\u00bb global_colors_info=\u00a0\u00bb{}\u00a0\u00bb][\/et_pb_image][\/et_pb_column][et_pb_column type=\u00a0\u00bb1_4&Prime; _builder_version=\u00a0\u00bb4.19.4&Prime; _module_preset=\u00a0\u00bbdefault\u00a0\u00bb global_colors_info=\u00a0\u00bb{}\u00a0\u00bb][et_pb_image src=\u00a0\u00bbhttps:\/\/albert-le-grand.com\/wp-content\/uploads\/2022\/12\/Oiseau2.png\u00a0\u00bb title_text=\u00a0\u00bbOiseau2&Prime; _builder_version=\u00a0\u00bb4.19.4&Prime; _module_preset=\u00a0\u00bbdefault\u00a0\u00bb global_colors_info=\u00a0\u00bb{}\u00a0\u00bb][\/et_pb_image][\/et_pb_column][et_pb_column type=\u00a0\u00bb1_4&Prime; _builder_version=\u00a0\u00bb4.19.4&Prime; _module_preset=\u00a0\u00bbdefault\u00a0\u00bb global_colors_info=\u00a0\u00bb{}\u00a0\u00bb][et_pb_image src=\u00a0\u00bbhttps:\/\/albert-le-grand.com\/wp-content\/uploads\/2022\/12\/Oiseau3.png\u00a0\u00bb title_text=\u00a0\u00bbOiseau3&Prime; _builder_version=\u00a0\u00bb4.19.4&Prime; _module_preset=\u00a0\u00bbdefault\u00a0\u00bb global_colors_info=\u00a0\u00bb{}\u00a0\u00bb][\/et_pb_image][\/et_pb_column][\/et_pb_row][\/et_pb_section]<\/p>\n","protected":false},"excerpt":{"rendered":"<p>Pr\u00e9sentation de l\u2019\u00e9cole\u00a0 \u00a0 \u00a0 Bien vivre le temps scolaire\u00a0 \u00a0 \u00a0 Les projets de l\u2019\u00e9cole\u00a0 \u00a0 \u00a0 Les atouts de l\u2019\u00e9cole primaire\u00a0 \u00a0 \u00a0 Les r\u00e9alisations de classes Les activit\u00e9s p\u00e9riscolaires\u00a0 \u00a0 \u00a0 Vie spirituelle\u00a0 \u00a0 \u00a0 Vie culturelle\u00a0 \u00a0 \u00a0 Vie sportive\u00a0 \u00a0 \u00a0 Actualit\u00e9s&#8230; Vie culturelleMINI-CONCERTS au th\u00e9\u00e2tre F\u00e9mina de Bordeaux Mus\u00e9um [&hellip;]<\/p>\n","protected":false},"author":1,"featured_media":0,"parent":0,"menu_order":0,"comment_status":"closed","ping_status":"closed","template":"","meta":{"_et_pb_use_builder":"on","_et_pb_old_content":"<!-- wp:divi\/placeholder \/-->","_et_gb_content_width":"","footnotes":""},"class_list":["post-395","page","type-page","status-publish","hentry"],"_links":{"self":[{"href":"https:\/\/www.albert-le-grand.com\/index.php\/wp-json\/wp\/v2\/pages\/395","targetHints":{"allow":["GET"]}}],"collection":[{"href":"https:\/\/www.albert-le-grand.com\/index.php\/wp-json\/wp\/v2\/pages"}],"about":[{"href":"https:\/\/www.albert-le-grand.com\/index.php\/wp-json\/wp\/v2\/types\/page"}],"author":[{"embeddable":true,"href":"https:\/\/www.albert-le-grand.com\/index.php\/wp-json\/wp\/v2\/users\/1"}],"replies":[{"embeddable":true,"href":"https:\/\/www.albert-le-grand.com\/index.php\/wp-json\/wp\/v2\/comments?post=395"}],"version-history":[{"count":18,"href":"https:\/\/www.albert-le-grand.com\/index.php\/wp-json\/wp\/v2\/pages\/395\/revisions"}],"predecessor-version":[{"id":2021,"href":"https:\/\/www.albert-le-grand.com\/index.php\/wp-json\/wp\/v2\/pages\/395\/revisions\/2021"}],"wp:attachment":[{"href":"https:\/\/www.albert-le-grand.com\/index.php\/wp-json\/wp\/v2\/media?parent=395"}],"curies":[{"name":"wp","href":"https:\/\/api.w.org\/{rel}","templated":true}]}}