{"id":853,"date":"2023-01-02T06:17:23","date_gmt":"2023-01-02T05:17:23","guid":{"rendered":"https:\/\/albert-le-grand.com\/?page_id=853"},"modified":"2025-10-22T10:51:27","modified_gmt":"2025-10-22T08:51:27","slug":"vie-spirituelle-college","status":"publish","type":"page","link":"https:\/\/www.albert-le-grand.com\/index.php\/vie-spirituelle-college\/","title":{"rendered":"Vie spirituelle &#8211; coll\u00e8ge"},"content":{"rendered":"<p>[et_pb_section fb_built=\u00a0\u00bb1&Prime; _builder_version=\u00a0\u00bb4.19.4&Prime; _module_preset=\u00a0\u00bbdefault\u00a0\u00bb custom_padding=\u00a0\u00bb0px||0px||false|false\u00a0\u00bb locked=\u00a0\u00bboff\u00a0\u00bb global_colors_info=\u00a0\u00bb{}\u00a0\u00bb][et_pb_row _builder_version=\u00a0\u00bb4.19.4&Prime; _module_preset=\u00a0\u00bbdefault\u00a0\u00bb width=\u00a0\u00bb100%\u00a0\u00bb max_width=\u00a0\u00bb100%\u00a0\u00bb global_colors_info=\u00a0\u00bb{}\u00a0\u00bb][et_pb_column type=\u00a0\u00bb4_4&Prime; _builder_version=\u00a0\u00bb4.19.4&Prime; _module_preset=\u00a0\u00bbdefault\u00a0\u00bb global_colors_info=\u00a0\u00bb{}\u00a0\u00bb][et_pb_image src=\u00a0\u00bbhttps:\/\/albert-le-grand.com\/wp-content\/uploads\/2023\/01\/bandeauCollege.png\u00a0\u00bb title_text=\u00a0\u00bbbandeauCollege\u00a0\u00bb force_fullwidth=\u00a0\u00bbon\u00a0\u00bb _builder_version=\u00a0\u00bb4.19.4&Prime; _module_preset=\u00a0\u00bbdefault\u00a0\u00bb global_colors_info=\u00a0\u00bb{}\u00a0\u00bb][\/et_pb_image][\/et_pb_column][\/et_pb_row][\/et_pb_section][et_pb_section fb_built=\u00a0\u00bb1&Prime; _builder_version=\u00a0\u00bb4.19.4&Prime; _module_preset=\u00a0\u00bbdefault\u00a0\u00bb custom_margin=\u00a0\u00bb0px||0px||false|false\u00a0\u00bb custom_padding=\u00a0\u00bb2px||0px||false|false\u00a0\u00bb global_colors_info=\u00a0\u00bb{}\u00a0\u00bb][et_pb_row _builder_version=\u00a0\u00bb4.19.4&Prime; _module_preset=\u00a0\u00bbdefault\u00a0\u00bb custom_padding=\u00a0\u00bb||0px||false|false\u00a0\u00bb global_colors_info=\u00a0\u00bb{}\u00a0\u00bb][et_pb_column type=\u00a0\u00bb4_4&Prime; _builder_version=\u00a0\u00bb4.19.4&Prime; _module_preset=\u00a0\u00bbdefault\u00a0\u00bb global_colors_info=\u00a0\u00bb{}\u00a0\u00bb][et_pb_text _builder_version=\u00a0\u00bb4.23.4&Prime; _module_preset=\u00a0\u00bbdefault\u00a0\u00bb global_colors_info=\u00a0\u00bb{}\u00a0\u00bb]<\/p>\n<p style=\"text-align: center;\"><a href=\"https:\/\/www.albert-le-grand.com\/index.php\/projet-pedagogique-college\/\"><span class=\"s1\"><b>Projet p\u00e9dagogique<\/b><\/span><\/a><b><span class=\"Apple-converted-space\">\u00a0 \u00a0 \u00a0 <\/span><a href=\"https:\/\/www.albert-le-grand.com\/index.php\/vie-spirituelle-college\/\">Vie spirituelle<\/a><span class=\"Apple-converted-space\">\u00a0 \u00a0 \u00a0 <\/span><a href=\"https:\/\/www.albert-le-grand.com\/index.php\/vie-culturelle-college\/\">Vie culturelle<\/a><span class=\"Apple-converted-space\">\u00a0 \u00a0 \u00a0 <\/span><a href=\"https:\/\/www.albert-le-grand.com\/index.php\/vie-sportive-college\/\">Vie sportive<\/a><span class=\"Apple-converted-space\">\u00a0 \u00a0 \u00a0 <\/span><a href=\"https:\/\/www.albert-le-grand.com\/index.php\/bien-vivre-le-temps-scolaire-college\/\">Bien vivre le temps scolaire<\/a><span class=\"Apple-converted-space\">\u00a0 \u00a0 \u00a0 <\/span><a href=\"https:\/\/www.albert-le-grand.com\/index.php\/les-points-forts-college\/\">Les points forts<\/a><span class=\"Apple-converted-space\">\u00a0 \u00a0 \u00a0 <\/span><a href=\"https:\/\/www.albert-le-grand.com\/index.php\/actualites-college\/\">Actualit\u00e9s<\/a><\/b><\/p>\n<p>[\/et_pb_text][\/et_pb_column][\/et_pb_row][et_pb_row _builder_version=\u00a0\u00bb4.19.4&Prime; _module_preset=\u00a0\u00bbdefault\u00a0\u00bb global_colors_info=\u00a0\u00bb{}\u00a0\u00bb][et_pb_column type=\u00a0\u00bb4_4&Prime; _builder_version=\u00a0\u00bb4.19.4&Prime; _module_preset=\u00a0\u00bbdefault\u00a0\u00bb global_colors_info=\u00a0\u00bb{}\u00a0\u00bb][et_pb_image src=\u00a0\u00bbhttps:\/\/albert-le-grand.com\/wp-content\/uploads\/2022\/12\/bandeau.png\u00a0\u00bb title_text=\u00a0\u00bbbandeau\u00a0\u00bb _builder_version=\u00a0\u00bb4.19.4&Prime; _module_preset=\u00a0\u00bbdefault\u00a0\u00bb custom_margin=\u00a0\u00bb||0px||false|false\u00a0\u00bb custom_padding=\u00a0\u00bb||0px||false|false\u00a0\u00bb global_colors_info=\u00a0\u00bb{}\u00a0\u00bb][\/et_pb_image][\/et_pb_column][\/et_pb_row][\/et_pb_section][et_pb_section fb_built=\u00a0\u00bb1&Prime; _builder_version=\u00a0\u00bb4.19.4&Prime; _module_preset=\u00a0\u00bbdefault\u00a0\u00bb global_colors_info=\u00a0\u00bb{}\u00a0\u00bb][et_pb_row column_structure=\u00a0\u00bb1_3,1_3,1_3&Prime; _builder_version=\u00a0\u00bb4.19.4&Prime; _module_preset=\u00a0\u00bbdefault\u00a0\u00bb global_colors_info=\u00a0\u00bb{}\u00a0\u00bb][et_pb_column type=\u00a0\u00bb1_3&Prime; _builder_version=\u00a0\u00bb4.19.4&Prime; _module_preset=\u00a0\u00bbdefault\u00a0\u00bb global_colors_info=\u00a0\u00bb{}\u00a0\u00bb][et_pb_text _builder_version=\u00a0\u00bb4.27.4&Prime; _module_preset=\u00a0\u00bbdefault\u00a0\u00bb hover_enabled=\u00a0\u00bb0&Prime; global_colors_info=\u00a0\u00bb{}\u00a0\u00bb sticky_enabled=\u00a0\u00bb0&Prime;]<\/p>\n<h3>&#8230; Vie spirituelle du coll\u00e8ge<\/h3>\n<h4 class=\"p1\"><strong><\/strong><\/h4>\n<p><strong><\/strong><\/p>\n<p><strong><\/strong><\/p>\n<h4 class=\"p1\"><strong>Pour tous :<\/strong><\/h4>\n<p><strong><\/strong><\/p>\n<ul>\n<li>Une heure de Culture Chr\u00e9tienne par semaine, dans l\u2019emploi du temps de chaque classe<o:p><\/o:p><\/li>\n<li>Messe tous les 15 jours<o:p><\/o:p><\/li>\n<li>C\u00e9l\u00e9bration de rentr\u00e9e<o:p><\/o:p><\/li>\n<li>Messe pour la f\u00eate de St Albert le Grand<o:p><\/o:p><\/li>\n<li>C\u00e9l\u00e9bration de No\u00ebl<o:p><\/o:p><\/li>\n<li>Messe d\u2019entr\u00e9e en Car\u00eame<o:p><\/o:p><\/li>\n<li>Kermesse missionnaire pour la Mi-Car\u00eame<o:p><\/o:p><\/li>\n<li>Liturgie des Jeudi et Vendredi Saints<o:p><\/o:p><\/li>\n<li>Bol de riz le vendredi saint<o:p><\/o:p><\/li>\n<li>Messe d\u2019action de gr\u00e2ce \u00e0 la sortie<o:p><\/o:p><\/li>\n<li>Pr\u00e9sence de Fr\u00e8res Dominicains tous les jeudis<o:p><\/o:p><\/li>\n<\/ul>\n<p>&nbsp;<\/p>\n<p>&nbsp;<\/p>\n<h4 class=\"p1\"><b><\/b><\/h4>\n<h4 class=\"p1\"><b><\/b><\/h4>\n<h4 class=\"p1\"><b>Pour les volontaires :<\/b><\/h4>\n<p><b><\/b><\/p>\n<p class=\"p2\">\u2022 Confession toutes les semaines.<br \/>\n\u2022 Pr\u00e9paration au bapt\u00eame, \u00e0 la premi\u00e8re communion, \u00e0 la confirmation (\u00e0 partir de la 4\u00e8me) et \u00e0 la profession de Foi<br \/>\n\u2022 P\u00e8lerinage d\u2019une journ\u00e9e en fin d\u2019ann\u00e9e scolaire<br \/>\n\u2022  Les jeudis \u00e0 18h30, trois propositions en alternance encadr\u00e9es par les Dominicains : adoration \u00e0 la chapelle, enseignement, maraudes (pour les lyc\u00e9ens)<\/p>\n<p>[\/et_pb_text][\/et_pb_column][et_pb_column type=\u00a0\u00bb1_3&Prime; _builder_version=\u00a0\u00bb4.19.4&Prime; _module_preset=\u00a0\u00bbdefault\u00a0\u00bb global_colors_info=\u00a0\u00bb{}\u00a0\u00bb][et_pb_image src=\u00a0\u00bbhttps:\/\/albert-le-grand.com\/wp-content\/uploads\/2023\/01\/VieSpirituelleCollege1.png\u00a0\u00bb title_text=\u00a0\u00bbVieSpirituelleCollege1&Prime; _builder_version=\u00a0\u00bb4.19.4&Prime; _module_preset=\u00a0\u00bbdefault\u00a0\u00bb global_colors_info=\u00a0\u00bb{}\u00a0\u00bb][\/et_pb_image][et_pb_image src=\u00a0\u00bbhttps:\/\/albert-le-grand.com\/wp-content\/uploads\/2023\/01\/VieSpirituelleCollege2.png\u00a0\u00bb title_text=\u00a0\u00bbVieSpirituelleCollege2&Prime; _builder_version=\u00a0\u00bb4.19.4&Prime; _module_preset=\u00a0\u00bbdefault\u00a0\u00bb global_colors_info=\u00a0\u00bb{}\u00a0\u00bb][\/et_pb_image][et_pb_image src=\u00a0\u00bbhttps:\/\/albert-le-grand.com\/wp-content\/uploads\/2023\/01\/VieSpirituelleCollege4.png\u00a0\u00bb title_text=\u00a0\u00bbVieSpirituelleCollege4&Prime; _builder_version=\u00a0\u00bb4.19.4&Prime; _module_preset=\u00a0\u00bbdefault\u00a0\u00bb global_colors_info=\u00a0\u00bb{}\u00a0\u00bb][\/et_pb_image][\/et_pb_column][et_pb_column type=\u00a0\u00bb1_3&Prime; _builder_version=\u00a0\u00bb4.19.4&Prime; _module_preset=\u00a0\u00bbdefault\u00a0\u00bb global_colors_info=\u00a0\u00bb{}\u00a0\u00bb][et_pb_image src=\u00a0\u00bbhttps:\/\/albert-le-grand.com\/wp-content\/uploads\/2023\/01\/VieSpirituelleCollege3.png\u00a0\u00bb title_text=\u00a0\u00bbVieSpirituelleCollege3&Prime; _builder_version=\u00a0\u00bb4.19.4&Prime; _module_preset=\u00a0\u00bbdefault\u00a0\u00bb global_colors_info=\u00a0\u00bb{}\u00a0\u00bb][\/et_pb_image][et_pb_image src=\u00a0\u00bbhttps:\/\/albert-le-grand.com\/wp-content\/uploads\/2023\/01\/VieSpirituelleCollege5.png\u00a0\u00bb title_text=\u00a0\u00bbVieSpirituelleCollege5&Prime; _builder_version=\u00a0\u00bb4.19.4&Prime; _module_preset=\u00a0\u00bbdefault\u00a0\u00bb global_colors_info=\u00a0\u00bb{}\u00a0\u00bb][\/et_pb_image][\/et_pb_column][\/et_pb_row][\/et_pb_section]<\/p>\n","protected":false},"excerpt":{"rendered":"<p>Projet p\u00e9dagogique\u00a0 \u00a0 \u00a0 Vie spirituelle\u00a0 \u00a0 \u00a0 Vie culturelle\u00a0 \u00a0 \u00a0 Vie sportive\u00a0 \u00a0 \u00a0 Bien vivre le temps scolaire\u00a0 \u00a0 \u00a0 Les points forts\u00a0 \u00a0 \u00a0 Actualit\u00e9s&#8230; Vie spirituelle du coll\u00e8ge Pour tous : Une heure de Culture Chr\u00e9tienne par semaine, dans l\u2019emploi du temps de chaque classe Messe tous les 15 jours [&hellip;]<\/p>\n","protected":false},"author":1,"featured_media":0,"parent":0,"menu_order":0,"comment_status":"closed","ping_status":"closed","template":"","meta":{"_et_pb_use_builder":"on","_et_pb_old_content":"<!-- wp:divi\/placeholder \/-->","_et_gb_content_width":"","footnotes":""},"class_list":["post-853","page","type-page","status-publish","hentry"],"_links":{"self":[{"href":"https:\/\/www.albert-le-grand.com\/index.php\/wp-json\/wp\/v2\/pages\/853","targetHints":{"allow":["GET"]}}],"collection":[{"href":"https:\/\/www.albert-le-grand.com\/index.php\/wp-json\/wp\/v2\/pages"}],"about":[{"href":"https:\/\/www.albert-le-grand.com\/index.php\/wp-json\/wp\/v2\/types\/page"}],"author":[{"embeddable":true,"href":"https:\/\/www.albert-le-grand.com\/index.php\/wp-json\/wp\/v2\/users\/1"}],"replies":[{"embeddable":true,"href":"https:\/\/www.albert-le-grand.com\/index.php\/wp-json\/wp\/v2\/comments?post=853"}],"version-history":[{"count":19,"href":"https:\/\/www.albert-le-grand.com\/index.php\/wp-json\/wp\/v2\/pages\/853\/revisions"}],"predecessor-version":[{"id":2693,"href":"https:\/\/www.albert-le-grand.com\/index.php\/wp-json\/wp\/v2\/pages\/853\/revisions\/2693"}],"wp:attachment":[{"href":"https:\/\/www.albert-le-grand.com\/index.php\/wp-json\/wp\/v2\/media?parent=853"}],"curies":[{"name":"wp","href":"https:\/\/api.w.org\/{rel}","templated":true}]}}